{"id":1443,"date":"2022-04-14T11:46:22","date_gmt":"2022-04-14T09:46:22","guid":{"rendered":"https:\/\/www.whiteturf.ch\/?page_id=1443"},"modified":"2026-08-21T15:12:02","modified_gmt":"2026-08-21T13:12:02","slug":"stories","status":"publish","type":"page","link":"https:\/\/www.whiteturf.ch\/en\/stories\/","title":{"rendered":"Stories"},"content":{"rendered":"\t\t<div data-elementor-type=\"wp-page\" data-elementor-id=\"1443\" class=\"elementor elementor-1443\" data-elementor-post-type=\"page\">\n\t\t\t\t\t\t<section class=\"elementor-section elementor-top-section elementor-element elementor-element-4e0a5a8 elementor-section-boxed elementor-section-height-default elementor-section-height-default\" data-id=\"4e0a5a8\" data-element_type=\"section\" data-e-type=\"section\" data-settings=\"{&quot;background_background&quot;:&quot;classic&quot;}\">\n\t\t\t\t\t\t<div class=\"elementor-container elementor-column-gap-default\">\n\t\t\t\t\t<div class=\"elementor-column elementor-col-100 elementor-top-column elementor-element elementor-element-363b758\" data-id=\"363b758\" data-element_type=\"column\" data-e-type=\"column\">\n\t\t\t<div class=\"elementor-widget-wrap elementor-element-populated\">\n\t\t\t\t\t\t<div class=\"elementor-element elementor-element-77d2442 elementor-widget elementor-widget-heading\" data-id=\"77d2442\" data-element_type=\"widget\" data-e-type=\"widget\" data-widget_type=\"heading.default\">\n\t\t\t\t<div class=\"elementor-widget-container\">\n\t\t\t\t\t<h2 class=\"elementor-heading-title elementor-size-default\">Stories<\/h2>\t\t\t\t<\/div>\n\t\t\t\t<\/div>\n\t\t\t\t<div class=\"elementor-element elementor-element-34e573a elementor-hidden-desktop elementor-hidden-tablet elementor-hidden-mobile elementor-widget elementor-widget-uael-posts\" data-id=\"34e573a\" data-element_type=\"widget\" data-e-type=\"widget\" data-settings=\"{&quot;classic_show_filters&quot;:&quot;yes&quot;,&quot;classic_slides_to_show&quot;:3,&quot;classic_slides_to_show_tablet&quot;:2,&quot;classic_slides_to_show_mobile&quot;:1}\" data-widget_type=\"uael-posts.classic\">\n\t\t\t\t<div class=\"elementor-widget-container\">\n\t\t\t\t\t\t\t<div class=\"uael-post__header\">\n\t\t\t\t\t<div class=\"uael-post__header-filters-wrap\">\n\t\t\t<ul class=\"uael-post__header-filters\" aria-label=\"Taxonomy Filter\">\n\t\t\t\t<li class=\"uael-post__header-filter uael-filter__current\" data-filter=\"*\">All<\/li>\n\t\t\t\t\t\t\t\t<li class=\"uael-post__header-filter\" data-filter=\".family-days\" tabindex=\"0\">Family Days<\/li>\n\t\t\t\t\t\t\t\t<li class=\"uael-post__header-filter\" data-filter=\".geschichte\" tabindex=\"0\">Geschichte<\/li>\n\t\t\t\t\t\t\t\t<li class=\"uael-post__header-filter\" data-filter=\".menschen\" tabindex=\"0\">Menschen<\/li>\n\t\t\t\t\t\t\t\t<li class=\"uael-post__header-filter\" data-filter=\".sicherheit-tierwohl\" tabindex=\"0\">Sicherheit &amp; Tierwohl<\/li>\n\t\t\t\t\t\t\t<\/ul>\n\n\t\t\t\t\t<\/div>\n\t\t\t\t<\/div>\n\t\t<div class=\"uael-post__body\">\n\t\t\t\n\t\t\n\t\t<div class=\"uael-blog-terms-position-above_content uael-post-image-top uael-post-grid uael-posts\" data-query-type=\"custom\" data-structure=\"normal\" data-layout=\"\" data-page=\"1443\" data-skin=\"classic\" data-filter-default=\"All\" data-offset-top=\"30\" >\n\n\t\t\t\t\t\t\t<div class=\"uael-post-grid__inner uael-post__columns-3 uael-post__columns-tablet-2 uael-post__columns-mobile-1\">\n\t\t\t\n<div class=\"uael-post-wrapper sicherheit-tierwohl  sicherheit-&amp;-tierwohl \">\n\t<div class=\"uael-post__bg-wrap uael-bg-wrap-disabled \">\n\n\t\t\t\t\n\t\t<div class=\"uael-post__inner-wrap uael-inner-wrap-disabled\">\n\n\t\t\t\t<div class=\"uael-post__thumbnail\">\n\t\t\t\n\t\t\t<a href=\"https:\/\/www.whiteturf.ch\/en\/tierwohl-und-sicherheit\/\" target=\"_self\" title=\"Tierwohl und Sicherheit\"><img fetchpriority=\"high\" decoding=\"async\" width=\"1920\" height=\"1280\" src=\"https:\/\/www.whiteturf.ch\/wp-content\/uploads\/2026\/02\/whiteturf_22-02-2026_AndreaFurger-92.jpg\" class=\"attachment-full size-full wp-image-8983\" alt=\"\" srcset=\"https:\/\/www.whiteturf.ch\/wp-content\/uploads\/2026\/02\/whiteturf_22-02-2026_AndreaFurger-92.jpg 1920w, https:\/\/www.whiteturf.ch\/wp-content\/uploads\/2026\/02\/whiteturf_22-02-2026_AndreaFurger-92-300x200.jpg 300w, https:\/\/www.whiteturf.ch\/wp-content\/uploads\/2026\/02\/whiteturf_22-02-2026_AndreaFurger-92-1024x683.jpg 1024w, https:\/\/www.whiteturf.ch\/wp-content\/uploads\/2026\/02\/whiteturf_22-02-2026_AndreaFurger-92-768x512.jpg 768w, https:\/\/www.whiteturf.ch\/wp-content\/uploads\/2026\/02\/whiteturf_22-02-2026_AndreaFurger-92-1536x1024.jpg 1536w, https:\/\/www.whiteturf.ch\/wp-content\/uploads\/2026\/02\/whiteturf_22-02-2026_AndreaFurger-92-18x12.jpg 18w, https:\/\/www.whiteturf.ch\/wp-content\/uploads\/2026\/02\/whiteturf_22-02-2026_AndreaFurger-92-1080x720.jpg 1080w, https:\/\/www.whiteturf.ch\/wp-content\/uploads\/2026\/02\/whiteturf_22-02-2026_AndreaFurger-92-700x467.jpg 700w\" sizes=\"(max-width: 1920px) 100vw, 1920px\" \/><\/a>\n\t\t\t\t\t<\/div>\n\t\t\n\t\t\t\n\t\t\t<div class=\"uael-post__content-wrap uael-content-wrap-disabled\">\n\t\t\t\t\t\t\t<div class=\"uael-post__terms-wrap\"><span class=\"uael-post__terms\"><a href=\"https:\/\/www.whiteturf.ch\/en\/c\/sicherheit-tierwohl\/\" class=\"uael-listing__terms-link\" id=\"uael-post-term-sicherheit-tierwohl\" aria-labelledby=\"uael-post-term-sicherheit-tierwohl\">Sicherheit &amp; Tierwohl<\/a><\/span><\/div>\n\t\t\t\t\t\t<h3 class=\"uael-post__title\">\n\n\t\t\n\t\t\t\t\t\t<a href=\"https:\/\/www.whiteturf.ch\/en\/tierwohl-und-sicherheit\/\" target=\"_self\">\n\t\t\t\tTierwohl und Sicherheit\t\t\t<\/a>\n\n\t\t\t\t<\/h3>\n\t\t\t\t\t<div class=\"uael-post__meta-data\">\n\t\t\t\t\t<span class=\"uael-post__date\">\n\t\t\t\t\t\t\t\t\t\t\t\t\t<i aria-hidden=\"true\" class=\"fa fa-calendar\"><\/i>\t\t\t\t\t\t\t\t\t\n\t\t\t21.08.2026\t\t<\/span>\n\t\t\t\t<span class=\"uael-post__comments\">\n\t\t\t\t\t\t\t\t\t\t\t\t<i aria-hidden=\"true\" class=\"fa fa-comments\"><\/i>\t\t\t\t\t\t\t\t\t\tNo Comments\t\t<\/span>\n\t\t\t\t<\/div>\n\t\t\n\t\t<div class=\"uael-post__excerpt\">\n\t\t\t\u00abSicherheit hat f\u00fcr uns immer oberste Priorit\u00e4t\u00bb \u2014 Head of Racing Dennis Schiergen \u00fcber Tierwohl beim White Turf Der White Turf auf dem gefrorenen St. ...\t\t<\/div>\n\n\t\t\t\t\t<a class=\"uael-post__read-more elementor-button\" href=\"https:\/\/www.whiteturf.ch\/en\/tierwohl-und-sicherheit\/\" target=\"_self\" aria-labelledby=\"uael-post-9291\">\n\t\t\t\t\t<span class=\"elementor-button-content-wrapper\">\n\t\t\t\t\t\t\t\t\t\t\t\t\t\t<span class=\"elementor-button-icon elementor-align-icon-left\">\n\n\t\t\t\t\t\t\t\t\t\n\t\t\t\t\t\t\t\t<\/span>\n\t\t\t\t\t\t\t\t\t\t\t\t\t\n\t\t\t\t\t\t<span class=\"elementor-button-text\" id=uael-post-9291>Read More \u2192<\/span>\n\t\t\t\t\t<\/span>\n\t\t\t\t<\/a>\n\t\t\t\t\t\t<\/div>\n\t\t\t\n\t\t<\/div>\n\t\t\n\t<\/div>\n\n<\/div>\n\n<div class=\"uael-post-wrapper menschen  menschen \">\n\t<div class=\"uael-post__bg-wrap uael-bg-wrap-disabled \">\n\n\t\t\t\t\n\t\t<div class=\"uael-post__inner-wrap uael-inner-wrap-disabled\">\n\n\t\t\t\t<div class=\"uael-post__thumbnail\">\n\t\t\t\n\t\t\t<a href=\"https:\/\/www.whiteturf.ch\/en\/rene-piechulek\/\" target=\"_self\" title=\"REN\u00c9 PIECHULEK\"><img decoding=\"async\" width=\"1920\" height=\"1280\" src=\"https:\/\/www.whiteturf.ch\/wp-content\/uploads\/2025\/12\/wt_stories_rene-piechulek.jpg\" class=\"attachment-full size-full wp-image-8404\" alt=\"\" srcset=\"https:\/\/www.whiteturf.ch\/wp-content\/uploads\/2025\/12\/wt_stories_rene-piechulek.jpg 1920w, https:\/\/www.whiteturf.ch\/wp-content\/uploads\/2025\/12\/wt_stories_rene-piechulek-300x200.jpg 300w, https:\/\/www.whiteturf.ch\/wp-content\/uploads\/2025\/12\/wt_stories_rene-piechulek-1024x683.jpg 1024w, https:\/\/www.whiteturf.ch\/wp-content\/uploads\/2025\/12\/wt_stories_rene-piechulek-768x512.jpg 768w, https:\/\/www.whiteturf.ch\/wp-content\/uploads\/2025\/12\/wt_stories_rene-piechulek-1536x1024.jpg 1536w, https:\/\/www.whiteturf.ch\/wp-content\/uploads\/2025\/12\/wt_stories_rene-piechulek-18x12.jpg 18w, https:\/\/www.whiteturf.ch\/wp-content\/uploads\/2025\/12\/wt_stories_rene-piechulek-1080x720.jpg 1080w, https:\/\/www.whiteturf.ch\/wp-content\/uploads\/2025\/12\/wt_stories_rene-piechulek-700x467.jpg 700w\" sizes=\"(max-width: 1920px) 100vw, 1920px\" \/><\/a>\n\t\t\t\t\t<\/div>\n\t\t\n\t\t\t\n\t\t\t<div class=\"uael-post__content-wrap uael-content-wrap-disabled\">\n\t\t\t\t\t\t\t<div class=\"uael-post__terms-wrap\"><span class=\"uael-post__terms\"><a href=\"https:\/\/www.whiteturf.ch\/en\/c\/menschen\/\" class=\"uael-listing__terms-link\" id=\"uael-post-term-menschen\" aria-labelledby=\"uael-post-term-menschen\">Menschen<\/a><\/span><\/div>\n\t\t\t\t\t\t<h3 class=\"uael-post__title\">\n\n\t\t\n\t\t\t\t\t\t<a href=\"https:\/\/www.whiteturf.ch\/en\/rene-piechulek\/\" target=\"_self\">\n\t\t\t\tREN\u00c9 PIECHULEK\t\t\t<\/a>\n\n\t\t\t\t<\/h3>\n\t\t\t\t\t<div class=\"uael-post__meta-data\">\n\t\t\t\t\t<span class=\"uael-post__date\">\n\t\t\t\t\t\t\t\t\t\t\t\t\t<i aria-hidden=\"true\" class=\"fa fa-calendar\"><\/i>\t\t\t\t\t\t\t\t\t\n\t\t\t11.02.2026\t\t<\/span>\n\t\t\t\t<span class=\"uael-post__comments\">\n\t\t\t\t\t\t\t\t\t\t\t\t<i aria-hidden=\"true\" class=\"fa fa-comments\"><\/i>\t\t\t\t\t\t\t\t\t\tNo Comments\t\t<\/span>\n\t\t\t\t<\/div>\n\t\t\n\t\t<div class=\"uael-post__excerpt\">\n\t\t\t\u00abDer White Turf ist weit mehr als ein Rennen.\u00bb Top-Jockey Ren\u00e9 Piechulek \u00fcber gefrorene H\u00e4nde, pures Adrenalin und seinen unvergessenen Sieg mit Jungleboogie. Eine Liebeserkl\u00e4rung ...\t\t<\/div>\n\n\t\t\t\t\t<a class=\"uael-post__read-more elementor-button\" href=\"https:\/\/www.whiteturf.ch\/en\/rene-piechulek\/\" target=\"_self\" aria-labelledby=\"uael-post-8403\">\n\t\t\t\t\t<span class=\"elementor-button-content-wrapper\">\n\t\t\t\t\t\t\t\t\t\t\t\t\t\t<span class=\"elementor-button-icon elementor-align-icon-left\">\n\n\t\t\t\t\t\t\t\t\t\n\t\t\t\t\t\t\t\t<\/span>\n\t\t\t\t\t\t\t\t\t\t\t\t\t\n\t\t\t\t\t\t<span class=\"elementor-button-text\" id=uael-post-8403>Read More \u2192<\/span>\n\t\t\t\t\t<\/span>\n\t\t\t\t<\/a>\n\t\t\t\t\t\t<\/div>\n\t\t\t\n\t\t<\/div>\n\t\t\n\t<\/div>\n\n<\/div>\n\n<div class=\"uael-post-wrapper menschen  menschen \">\n\t<div class=\"uael-post__bg-wrap uael-bg-wrap-disabled \">\n\n\t\t\t\t\n\t\t<div class=\"uael-post__inner-wrap uael-inner-wrap-disabled\">\n\n\t\t\t\t<div class=\"uael-post__thumbnail\">\n\t\t\t\n\t\t\t<a href=\"https:\/\/www.whiteturf.ch\/en\/eine-aera-auf-eis-stall-zuerichsee\/\" target=\"_self\" title=\"EINE \u00c4RA AUF EIS \u2013 STALL Z\u00dcRICHSEE\"><img decoding=\"async\" width=\"1920\" height=\"1280\" src=\"https:\/\/www.whiteturf.ch\/wp-content\/uploads\/2025\/12\/wt_stories_jakob-broger-mit-volta.jpg\" class=\"attachment-full size-full wp-image-8362\" alt=\"\" srcset=\"https:\/\/www.whiteturf.ch\/wp-content\/uploads\/2025\/12\/wt_stories_jakob-broger-mit-volta.jpg 1920w, https:\/\/www.whiteturf.ch\/wp-content\/uploads\/2025\/12\/wt_stories_jakob-broger-mit-volta-300x200.jpg 300w, https:\/\/www.whiteturf.ch\/wp-content\/uploads\/2025\/12\/wt_stories_jakob-broger-mit-volta-1024x683.jpg 1024w, https:\/\/www.whiteturf.ch\/wp-content\/uploads\/2025\/12\/wt_stories_jakob-broger-mit-volta-768x512.jpg 768w, https:\/\/www.whiteturf.ch\/wp-content\/uploads\/2025\/12\/wt_stories_jakob-broger-mit-volta-1536x1024.jpg 1536w, https:\/\/www.whiteturf.ch\/wp-content\/uploads\/2025\/12\/wt_stories_jakob-broger-mit-volta-18x12.jpg 18w, https:\/\/www.whiteturf.ch\/wp-content\/uploads\/2025\/12\/wt_stories_jakob-broger-mit-volta-1080x720.jpg 1080w, https:\/\/www.whiteturf.ch\/wp-content\/uploads\/2025\/12\/wt_stories_jakob-broger-mit-volta-700x467.jpg 700w\" sizes=\"(max-width: 1920px) 100vw, 1920px\" \/><\/a>\n\t\t\t\t\t<\/div>\n\t\t\n\t\t\t\n\t\t\t<div class=\"uael-post__content-wrap uael-content-wrap-disabled\">\n\t\t\t\t\t\t\t<div class=\"uael-post__terms-wrap\"><span class=\"uael-post__terms\"><a href=\"https:\/\/www.whiteturf.ch\/en\/c\/menschen\/\" class=\"uael-listing__terms-link\" id=\"uael-post-term-menschen\" aria-labelledby=\"uael-post-term-menschen\">Menschen<\/a><\/span><\/div>\n\t\t\t\t\t\t<h3 class=\"uael-post__title\">\n\n\t\t\n\t\t\t\t\t\t<a href=\"https:\/\/www.whiteturf.ch\/en\/eine-aera-auf-eis-stall-zuerichsee\/\" target=\"_self\">\n\t\t\t\tEINE \u00c4RA AUF EIS \u2013 STALL Z\u00dcRICHSEE\t\t\t<\/a>\n\n\t\t\t\t<\/h3>\n\t\t\t\t\t<div class=\"uael-post__meta-data\">\n\t\t\t\t\t<span class=\"uael-post__date\">\n\t\t\t\t\t\t\t\t\t\t\t\t\t<i aria-hidden=\"true\" class=\"fa fa-calendar\"><\/i>\t\t\t\t\t\t\t\t\t\n\t\t\t04.02.2026\t\t<\/span>\n\t\t\t\t<span class=\"uael-post__comments\">\n\t\t\t\t\t\t\t\t\t\t\t\t<i aria-hidden=\"true\" class=\"fa fa-comments\"><\/i>\t\t\t\t\t\t\t\t\t\tNo Comments\t\t<\/span>\n\t\t\t\t<\/div>\n\t\t\n\t\t<div class=\"uael-post__excerpt\">\n\t\t\t18 Siege, eine unvergessene Stute und ein \u00abDream Team\u00bb f\u00fcr die Ewigkeit. Die Geschichte des Stall Z\u00fcrichsee ist untrennbar mit dem White Turf verbunden. Ein ...\t\t<\/div>\n\n\t\t\t\t\t<a class=\"uael-post__read-more elementor-button\" href=\"https:\/\/www.whiteturf.ch\/en\/eine-aera-auf-eis-stall-zuerichsee\/\" target=\"_self\" aria-labelledby=\"uael-post-8359\">\n\t\t\t\t\t<span class=\"elementor-button-content-wrapper\">\n\t\t\t\t\t\t\t\t\t\t\t\t\t\t<span class=\"elementor-button-icon elementor-align-icon-left\">\n\n\t\t\t\t\t\t\t\t\t\n\t\t\t\t\t\t\t\t<\/span>\n\t\t\t\t\t\t\t\t\t\t\t\t\t\n\t\t\t\t\t\t<span class=\"elementor-button-text\" id=uael-post-8359>Read More \u2192<\/span>\n\t\t\t\t\t<\/span>\n\t\t\t\t<\/a>\n\t\t\t\t\t\t<\/div>\n\t\t\t\n\t\t<\/div>\n\t\t\n\t<\/div>\n\n<\/div>\n\n<div class=\"uael-post-wrapper geschichte  geschichte \">\n\t<div class=\"uael-post__bg-wrap uael-bg-wrap-disabled \">\n\n\t\t\t\t\n\t\t<div class=\"uael-post__inner-wrap uael-inner-wrap-disabled\">\n\n\t\t\t\t<div class=\"uael-post__thumbnail\">\n\t\t\t\n\t\t\t<a href=\"https:\/\/www.whiteturf.ch\/en\/white-turf-st-moritz\/\" target=\"_self\" title=\"WHITE TURF ST.\u00a0MORITZ\"><img loading=\"lazy\" decoding=\"async\" width=\"1920\" height=\"1280\" src=\"https:\/\/www.whiteturf.ch\/wp-content\/uploads\/2025\/12\/wt_stories_st-moritz_15392_Skikjoering.jpg\" class=\"attachment-full size-full wp-image-8419\" alt=\"\" srcset=\"https:\/\/www.whiteturf.ch\/wp-content\/uploads\/2025\/12\/wt_stories_st-moritz_15392_Skikjoering.jpg 1920w, https:\/\/www.whiteturf.ch\/wp-content\/uploads\/2025\/12\/wt_stories_st-moritz_15392_Skikjoering-300x200.jpg 300w, https:\/\/www.whiteturf.ch\/wp-content\/uploads\/2025\/12\/wt_stories_st-moritz_15392_Skikjoering-1024x683.jpg 1024w, https:\/\/www.whiteturf.ch\/wp-content\/uploads\/2025\/12\/wt_stories_st-moritz_15392_Skikjoering-768x512.jpg 768w, https:\/\/www.whiteturf.ch\/wp-content\/uploads\/2025\/12\/wt_stories_st-moritz_15392_Skikjoering-1536x1024.jpg 1536w, https:\/\/www.whiteturf.ch\/wp-content\/uploads\/2025\/12\/wt_stories_st-moritz_15392_Skikjoering-18x12.jpg 18w, https:\/\/www.whiteturf.ch\/wp-content\/uploads\/2025\/12\/wt_stories_st-moritz_15392_Skikjoering-1080x720.jpg 1080w, https:\/\/www.whiteturf.ch\/wp-content\/uploads\/2025\/12\/wt_stories_st-moritz_15392_Skikjoering-700x467.jpg 700w\" sizes=\"(max-width: 1920px) 100vw, 1920px\" \/><\/a>\n\t\t\t\t\t<\/div>\n\t\t\n\t\t\t\n\t\t\t<div class=\"uael-post__content-wrap uael-content-wrap-disabled\">\n\t\t\t\t\t\t\t<div class=\"uael-post__terms-wrap\"><span class=\"uael-post__terms\"><a href=\"https:\/\/www.whiteturf.ch\/en\/c\/geschichte\/\" class=\"uael-listing__terms-link\" id=\"uael-post-term-geschichte\" aria-labelledby=\"uael-post-term-geschichte\">Geschichte<\/a><\/span><\/div>\n\t\t\t\t\t\t<h3 class=\"uael-post__title\">\n\n\t\t\n\t\t\t\t\t\t<a href=\"https:\/\/www.whiteturf.ch\/en\/white-turf-st-moritz\/\" target=\"_self\">\n\t\t\t\tWHITE TURF ST.\u00a0MORITZ\t\t\t<\/a>\n\n\t\t\t\t<\/h3>\n\t\t\t\t\t<div class=\"uael-post__meta-data\">\n\t\t\t\t\t<span class=\"uael-post__date\">\n\t\t\t\t\t\t\t\t\t\t\t\t\t<i aria-hidden=\"true\" class=\"fa fa-calendar\"><\/i>\t\t\t\t\t\t\t\t\t\n\t\t\t13.01.2026\t\t<\/span>\n\t\t\t\t<span class=\"uael-post__comments\">\n\t\t\t\t\t\t\t\t\t\t\t\t<i aria-hidden=\"true\" class=\"fa fa-comments\"><\/i>\t\t\t\t\t\t\t\t\t\tNo Comments\t\t<\/span>\n\t\t\t\t<\/div>\n\t\t\n\t\t<div class=\"uael-post__excerpt\">\n\t\t\tSeit \u00fcber einem Jahrhundert schreibt der White Turf auf dem gefrorenen See Geschichte. Er ist mehr als ein Event \u2013 er ist der Spiegel von ...\t\t<\/div>\n\n\t\t\t\t\t<a class=\"uael-post__read-more elementor-button\" href=\"https:\/\/www.whiteturf.ch\/en\/white-turf-st-moritz\/\" target=\"_self\" aria-labelledby=\"uael-post-8416\">\n\t\t\t\t\t<span class=\"elementor-button-content-wrapper\">\n\t\t\t\t\t\t\t\t\t\t\t\t\t\t<span class=\"elementor-button-icon elementor-align-icon-left\">\n\n\t\t\t\t\t\t\t\t\t\n\t\t\t\t\t\t\t\t<\/span>\n\t\t\t\t\t\t\t\t\t\t\t\t\t\n\t\t\t\t\t\t<span class=\"elementor-button-text\" id=uael-post-8416>Read More \u2192<\/span>\n\t\t\t\t\t<\/span>\n\t\t\t\t<\/a>\n\t\t\t\t\t\t<\/div>\n\t\t\t\n\t\t<\/div>\n\t\t\n\t<\/div>\n\n<\/div>\n\n<div class=\"uael-post-wrapper family-days  family-days \">\n\t<div class=\"uael-post__bg-wrap uael-bg-wrap-disabled \">\n\n\t\t\t\t\n\t\t<div class=\"uael-post__inner-wrap uael-inner-wrap-disabled\">\n\n\t\t\t\t<div class=\"uael-post__thumbnail\">\n\t\t\t\n\t\t\t<a href=\"https:\/\/www.whiteturf.ch\/en\/white-turf-family-days\/\" target=\"_self\" title=\"White Turf Family Days\"><img loading=\"lazy\" decoding=\"async\" width=\"1920\" height=\"1280\" src=\"https:\/\/www.whiteturf.ch\/wp-content\/uploads\/2025\/12\/wt_stories_family-days-with-lupo.jpg\" class=\"attachment-full size-full wp-image-8278\" alt=\"\" srcset=\"https:\/\/www.whiteturf.ch\/wp-content\/uploads\/2025\/12\/wt_stories_family-days-with-lupo.jpg 1920w, https:\/\/www.whiteturf.ch\/wp-content\/uploads\/2025\/12\/wt_stories_family-days-with-lupo-300x200.jpg 300w, https:\/\/www.whiteturf.ch\/wp-content\/uploads\/2025\/12\/wt_stories_family-days-with-lupo-1024x683.jpg 1024w, https:\/\/www.whiteturf.ch\/wp-content\/uploads\/2025\/12\/wt_stories_family-days-with-lupo-768x512.jpg 768w, https:\/\/www.whiteturf.ch\/wp-content\/uploads\/2025\/12\/wt_stories_family-days-with-lupo-1536x1024.jpg 1536w, https:\/\/www.whiteturf.ch\/wp-content\/uploads\/2025\/12\/wt_stories_family-days-with-lupo-18x12.jpg 18w, https:\/\/www.whiteturf.ch\/wp-content\/uploads\/2025\/12\/wt_stories_family-days-with-lupo-1080x720.jpg 1080w, https:\/\/www.whiteturf.ch\/wp-content\/uploads\/2025\/12\/wt_stories_family-days-with-lupo-700x467.jpg 700w\" sizes=\"(max-width: 1920px) 100vw, 1920px\" \/><\/a>\n\t\t\t\t\t<\/div>\n\t\t\n\t\t\t\n\t\t\t<div class=\"uael-post__content-wrap uael-content-wrap-disabled\">\n\t\t\t\t\t\t\t<div class=\"uael-post__terms-wrap\"><span class=\"uael-post__terms\"><a href=\"https:\/\/www.whiteturf.ch\/en\/c\/family-days\/\" class=\"uael-listing__terms-link\" id=\"uael-post-term-family-days\" aria-labelledby=\"uael-post-term-family-days\">Family Days<\/a><\/span><\/div>\n\t\t\t\t\t\t<h3 class=\"uael-post__title\">\n\n\t\t\n\t\t\t\t\t\t<a href=\"https:\/\/www.whiteturf.ch\/en\/white-turf-family-days\/\" target=\"_self\">\n\t\t\t\tWhite Turf Family Days\t\t\t<\/a>\n\n\t\t\t\t<\/h3>\n\t\t\t\t\t<div class=\"uael-post__meta-data\">\n\t\t\t\t\t<span class=\"uael-post__date\">\n\t\t\t\t\t\t\t\t\t\t\t\t\t<i aria-hidden=\"true\" class=\"fa fa-calendar\"><\/i>\t\t\t\t\t\t\t\t\t\n\t\t\t17.12.2025\t\t<\/span>\n\t\t\t\t<span class=\"uael-post__comments\">\n\t\t\t\t\t\t\t\t\t\t\t\t<i aria-hidden=\"true\" class=\"fa fa-comments\"><\/i>\t\t\t\t\t\t\t\t\t\tNo Comments\t\t<\/span>\n\t\t\t\t<\/div>\n\t\t\n\t\t<div class=\"uael-post__excerpt\">\n\t\t\tEin Fest f\u00fcr Familien, Freundschaft und Pferdest\u00e4rken: Wenn sich der St. Moritzersee in eine Winterarena verwandelt, beginnt auch die Zeit f\u00fcr den Nachwuchs. Wir blicken ...\t\t<\/div>\n\n\t\t\t\t\t<a class=\"uael-post__read-more elementor-button\" href=\"https:\/\/www.whiteturf.ch\/en\/white-turf-family-days\/\" target=\"_self\" aria-labelledby=\"uael-post-8277\">\n\t\t\t\t\t<span class=\"elementor-button-content-wrapper\">\n\t\t\t\t\t\t\t\t\t\t\t\t\t\t<span class=\"elementor-button-icon elementor-align-icon-left\">\n\n\t\t\t\t\t\t\t\t\t\n\t\t\t\t\t\t\t\t<\/span>\n\t\t\t\t\t\t\t\t\t\t\t\t\t\n\t\t\t\t\t\t<span class=\"elementor-button-text\" id=uael-post-8277>Read More \u2192<\/span>\n\t\t\t\t\t<\/span>\n\t\t\t\t<\/a>\n\t\t\t\t\t\t<\/div>\n\t\t\t\n\t\t<\/div>\n\t\t\n\t<\/div>\n\n<\/div>\n\n<div class=\"uael-post-wrapper menschen  menschen \">\n\t<div class=\"uael-post__bg-wrap uael-bg-wrap-disabled \">\n\n\t\t\t\t\n\t\t<div class=\"uael-post__inner-wrap uael-inner-wrap-disabled\">\n\n\t\t\t\t<div class=\"uael-post__thumbnail\">\n\t\t\t\n\t\t\t<a href=\"https:\/\/www.whiteturf.ch\/en\/miroslav-miro-weiss\/\" target=\"_self\" title=\"MIROSLAV \u00abMIRO\u00bb WEISS\"><img loading=\"lazy\" decoding=\"async\" width=\"1920\" height=\"1280\" src=\"https:\/\/www.whiteturf.ch\/wp-content\/uploads\/2025\/12\/wt_stories_scs_180218_067_Miro-Weiss.jpg\" class=\"attachment-full size-full wp-image-8376\" alt=\"\" srcset=\"https:\/\/www.whiteturf.ch\/wp-content\/uploads\/2025\/12\/wt_stories_scs_180218_067_Miro-Weiss.jpg 1920w, https:\/\/www.whiteturf.ch\/wp-content\/uploads\/2025\/12\/wt_stories_scs_180218_067_Miro-Weiss-300x200.jpg 300w, https:\/\/www.whiteturf.ch\/wp-content\/uploads\/2025\/12\/wt_stories_scs_180218_067_Miro-Weiss-1024x683.jpg 1024w, https:\/\/www.whiteturf.ch\/wp-content\/uploads\/2025\/12\/wt_stories_scs_180218_067_Miro-Weiss-768x512.jpg 768w, https:\/\/www.whiteturf.ch\/wp-content\/uploads\/2025\/12\/wt_stories_scs_180218_067_Miro-Weiss-1536x1024.jpg 1536w, https:\/\/www.whiteturf.ch\/wp-content\/uploads\/2025\/12\/wt_stories_scs_180218_067_Miro-Weiss-18x12.jpg 18w, https:\/\/www.whiteturf.ch\/wp-content\/uploads\/2025\/12\/wt_stories_scs_180218_067_Miro-Weiss-1080x720.jpg 1080w, https:\/\/www.whiteturf.ch\/wp-content\/uploads\/2025\/12\/wt_stories_scs_180218_067_Miro-Weiss-700x467.jpg 700w\" sizes=\"(max-width: 1920px) 100vw, 1920px\" \/><\/a>\n\t\t\t\t\t<\/div>\n\t\t\n\t\t\t\n\t\t\t<div class=\"uael-post__content-wrap uael-content-wrap-disabled\">\n\t\t\t\t\t\t\t<div class=\"uael-post__terms-wrap\"><span class=\"uael-post__terms\"><a href=\"https:\/\/www.whiteturf.ch\/en\/c\/menschen\/\" class=\"uael-listing__terms-link\" id=\"uael-post-term-menschen\" aria-labelledby=\"uael-post-term-menschen\">Menschen<\/a><\/span><\/div>\n\t\t\t\t\t\t<h3 class=\"uael-post__title\">\n\n\t\t\n\t\t\t\t\t\t<a href=\"https:\/\/www.whiteturf.ch\/en\/miroslav-miro-weiss\/\" target=\"_self\">\n\t\t\t\tMIROSLAV \u00abMIRO\u00bb WEISS\t\t\t<\/a>\n\n\t\t\t\t<\/h3>\n\t\t\t\t\t<div class=\"uael-post__meta-data\">\n\t\t\t\t\t<span class=\"uael-post__date\">\n\t\t\t\t\t\t\t\t\t\t\t\t\t<i aria-hidden=\"true\" class=\"fa fa-calendar\"><\/i>\t\t\t\t\t\t\t\t\t\n\t\t\t15.12.2025\t\t<\/span>\n\t\t\t\t<span class=\"uael-post__comments\">\n\t\t\t\t\t\t\t\t\t\t\t\t<i aria-hidden=\"true\" class=\"fa fa-comments\"><\/i>\t\t\t\t\t\t\t\t\t\tNo Comments\t\t<\/span>\n\t\t\t\t<\/div>\n\t\t\n\t\t<div class=\"uael-post__excerpt\">\n\t\t\tNach 45 Jahren und \u00fcber 1000 Siegen tritt eine Legende ab. Doch Miroslav Weiss hat noch ein letztes grosses Ziel: Am White Turf 2026 die ...\t\t<\/div>\n\n\t\t\t\t\t<a class=\"uael-post__read-more elementor-button\" href=\"https:\/\/www.whiteturf.ch\/en\/miroslav-miro-weiss\/\" target=\"_self\" aria-labelledby=\"uael-post-8374\">\n\t\t\t\t\t<span class=\"elementor-button-content-wrapper\">\n\t\t\t\t\t\t\t\t\t\t\t\t\t\t<span class=\"elementor-button-icon elementor-align-icon-left\">\n\n\t\t\t\t\t\t\t\t\t\n\t\t\t\t\t\t\t\t<\/span>\n\t\t\t\t\t\t\t\t\t\t\t\t\t\n\t\t\t\t\t\t<span class=\"elementor-button-text\" id=uael-post-8374>Read More \u2192<\/span>\n\t\t\t\t\t<\/span>\n\t\t\t\t<\/a>\n\t\t\t\t\t\t<\/div>\n\t\t\t\n\t\t<\/div>\n\t\t\n\t<\/div>\n\n<\/div>\n\t\t\t\t<\/div>\n\t\t\t\t\t\t\n\t\t<\/div>\n\n\t\t\t\t\t\t<\/div>\n\t\t<div class=\"uael-post__footer\">\n\t\t\t\t\t<\/div>\n\t\t\t\t\t\t<\/div>\n\t\t\t\t<\/div>\n\t\t\t\t<div class=\"elementor-element elementor-element-39e6492 elementor-posts--align-left elementor-grid-3 elementor-grid-tablet-2 elementor-grid-mobile-1 elementor-posts--thumbnail-top elementor-widget elementor-widget-posts\" data-id=\"39e6492\" data-element_type=\"widget\" data-e-type=\"widget\" data-settings=\"{&quot;classic_columns&quot;:&quot;3&quot;,&quot;classic_columns_tablet&quot;:&quot;2&quot;,&quot;classic_columns_mobile&quot;:&quot;1&quot;,&quot;classic_row_gap&quot;:{&quot;unit&quot;:&quot;px&quot;,&quot;size&quot;:35,&quot;sizes&quot;:[]},&quot;classic_row_gap_tablet&quot;:{&quot;unit&quot;:&quot;px&quot;,&quot;size&quot;:&quot;&quot;,&quot;sizes&quot;:[]},&quot;classic_row_gap_mobile&quot;:{&quot;unit&quot;:&quot;px&quot;,&quot;size&quot;:&quot;&quot;,&quot;sizes&quot;:[]}}\" data-widget_type=\"posts.classic\">\n\t\t\t\t<div class=\"elementor-widget-container\">\n\t\t\t\t\t\t\t<div class=\"elementor-posts-container elementor-posts elementor-posts--skin-classic elementor-grid\" role=\"list\">\n\t\t\t\t<article class=\"elementor-post elementor-grid-item post-9291 post type-post status-publish format-standard has-post-thumbnail hentry category-sicherheit-tierwohl\" role=\"listitem\">\n\t\t\t\t<a class=\"elementor-post__thumbnail__link\" href=\"https:\/\/www.whiteturf.ch\/en\/tierwohl-und-sicherheit\/\" tabindex=\"-1\" >\n\t\t\t<div class=\"elementor-post__thumbnail\"><img loading=\"lazy\" decoding=\"async\" width=\"768\" height=\"512\" src=\"https:\/\/www.whiteturf.ch\/wp-content\/uploads\/2026\/02\/whiteturf_22-02-2026_AndreaFurger-92-768x512.jpg\" class=\"attachment-medium_large size-medium_large wp-image-8983\" alt=\"\" srcset=\"https:\/\/www.whiteturf.ch\/wp-content\/uploads\/2026\/02\/whiteturf_22-02-2026_AndreaFurger-92-768x512.jpg 768w, https:\/\/www.whiteturf.ch\/wp-content\/uploads\/2026\/02\/whiteturf_22-02-2026_AndreaFurger-92-300x200.jpg 300w, https:\/\/www.whiteturf.ch\/wp-content\/uploads\/2026\/02\/whiteturf_22-02-2026_AndreaFurger-92-1024x683.jpg 1024w, https:\/\/www.whiteturf.ch\/wp-content\/uploads\/2026\/02\/whiteturf_22-02-2026_AndreaFurger-92-1536x1024.jpg 1536w, https:\/\/www.whiteturf.ch\/wp-content\/uploads\/2026\/02\/whiteturf_22-02-2026_AndreaFurger-92-18x12.jpg 18w, https:\/\/www.whiteturf.ch\/wp-content\/uploads\/2026\/02\/whiteturf_22-02-2026_AndreaFurger-92-1080x720.jpg 1080w, https:\/\/www.whiteturf.ch\/wp-content\/uploads\/2026\/02\/whiteturf_22-02-2026_AndreaFurger-92-700x467.jpg 700w, https:\/\/www.whiteturf.ch\/wp-content\/uploads\/2026\/02\/whiteturf_22-02-2026_AndreaFurger-92.jpg 1920w\" sizes=\"(max-width: 768px) 100vw, 768px\" \/><\/div>\n\t\t<\/a>\n\t\t\t\t<div class=\"elementor-post__text\">\n\t\t\t\t<h3 class=\"elementor-post__title\">\n\t\t\t<a href=\"https:\/\/www.whiteturf.ch\/en\/tierwohl-und-sicherheit\/\" >\n\t\t\t\tTierwohl und Sicherheit\t\t\t<\/a>\n\t\t<\/h3>\n\t\t\t\t<div class=\"elementor-post__meta-data\">\n\t\t\t\t\t<span class=\"elementor-post-date\">\n\t\t\t21.08.2026\t\t<\/span>\n\t\t\t\t<\/div>\n\t\t\t\t<div class=\"elementor-post__excerpt\">\n\t\t\t<p>\u00abSicherheit hat f\u00fcr uns immer oberste Priorit\u00e4t\u00bb \u2014 Head of Racing Dennis Schiergen \u00fcber Tierwohl beim White Turf Der White Turf auf dem gefrorenen St. Moritzersee ist weltweit einzigartig. Dennis<\/p>\n\t\t<\/div>\n\t\t\n\t\t<a class=\"elementor-post__read-more\" href=\"https:\/\/www.whiteturf.ch\/en\/tierwohl-und-sicherheit\/\" aria-label=\"Read more about Tierwohl und Sicherheit\" tabindex=\"-1\" >\n\t\t\tLesen\t\t<\/a>\n\n\t\t\t\t<\/div>\n\t\t\t\t<\/article>\n\t\t\t\t<article class=\"elementor-post elementor-grid-item post-8403 post type-post status-publish format-standard has-post-thumbnail hentry category-menschen\" role=\"listitem\">\n\t\t\t\t<a class=\"elementor-post__thumbnail__link\" href=\"https:\/\/www.whiteturf.ch\/en\/rene-piechulek\/\" tabindex=\"-1\" >\n\t\t\t<div class=\"elementor-post__thumbnail\"><img loading=\"lazy\" decoding=\"async\" width=\"768\" height=\"512\" src=\"https:\/\/www.whiteturf.ch\/wp-content\/uploads\/2025\/12\/wt_stories_rene-piechulek-768x512.jpg\" class=\"attachment-medium_large size-medium_large wp-image-8404\" alt=\"\" srcset=\"https:\/\/www.whiteturf.ch\/wp-content\/uploads\/2025\/12\/wt_stories_rene-piechulek-768x512.jpg 768w, https:\/\/www.whiteturf.ch\/wp-content\/uploads\/2025\/12\/wt_stories_rene-piechulek-300x200.jpg 300w, https:\/\/www.whiteturf.ch\/wp-content\/uploads\/2025\/12\/wt_stories_rene-piechulek-1024x683.jpg 1024w, https:\/\/www.whiteturf.ch\/wp-content\/uploads\/2025\/12\/wt_stories_rene-piechulek-1536x1024.jpg 1536w, https:\/\/www.whiteturf.ch\/wp-content\/uploads\/2025\/12\/wt_stories_rene-piechulek-18x12.jpg 18w, https:\/\/www.whiteturf.ch\/wp-content\/uploads\/2025\/12\/wt_stories_rene-piechulek-1080x720.jpg 1080w, https:\/\/www.whiteturf.ch\/wp-content\/uploads\/2025\/12\/wt_stories_rene-piechulek-700x467.jpg 700w, https:\/\/www.whiteturf.ch\/wp-content\/uploads\/2025\/12\/wt_stories_rene-piechulek.jpg 1920w\" sizes=\"(max-width: 768px) 100vw, 768px\" \/><\/div>\n\t\t<\/a>\n\t\t\t\t<div class=\"elementor-post__text\">\n\t\t\t\t<h3 class=\"elementor-post__title\">\n\t\t\t<a href=\"https:\/\/www.whiteturf.ch\/en\/rene-piechulek\/\" >\n\t\t\t\tREN\u00c9 PIECHULEK\t\t\t<\/a>\n\t\t<\/h3>\n\t\t\t\t<div class=\"elementor-post__meta-data\">\n\t\t\t\t\t<span class=\"elementor-post-date\">\n\t\t\t11.02.2026\t\t<\/span>\n\t\t\t\t<\/div>\n\t\t\t\t<div class=\"elementor-post__excerpt\">\n\t\t\t<p>\u00abDer White Turf ist weit mehr als ein Rennen.\u00bb Top-Jockey Ren\u00e9 Piechulek \u00fcber gefrorene H\u00e4nde, pures Adrenalin und seinen unvergessenen Sieg mit Jungleboogie. Eine Liebeserkl\u00e4rung an den gefrorenen See.<\/p>\t\t<\/div>\n\t\t\n\t\t<a class=\"elementor-post__read-more\" href=\"https:\/\/www.whiteturf.ch\/en\/rene-piechulek\/\" aria-label=\"Read more about REN\u00c9 PIECHULEK\" tabindex=\"-1\" >\n\t\t\tLesen\t\t<\/a>\n\n\t\t\t\t<\/div>\n\t\t\t\t<\/article>\n\t\t\t\t<article class=\"elementor-post elementor-grid-item post-8359 post type-post status-publish format-standard has-post-thumbnail hentry category-menschen\" role=\"listitem\">\n\t\t\t\t<a class=\"elementor-post__thumbnail__link\" href=\"https:\/\/www.whiteturf.ch\/en\/eine-aera-auf-eis-stall-zuerichsee\/\" tabindex=\"-1\" >\n\t\t\t<div class=\"elementor-post__thumbnail\"><img loading=\"lazy\" decoding=\"async\" width=\"768\" height=\"512\" src=\"https:\/\/www.whiteturf.ch\/wp-content\/uploads\/2025\/12\/wt_stories_jakob-broger-mit-volta-768x512.jpg\" class=\"attachment-medium_large size-medium_large wp-image-8362\" alt=\"\" srcset=\"https:\/\/www.whiteturf.ch\/wp-content\/uploads\/2025\/12\/wt_stories_jakob-broger-mit-volta-768x512.jpg 768w, https:\/\/www.whiteturf.ch\/wp-content\/uploads\/2025\/12\/wt_stories_jakob-broger-mit-volta-300x200.jpg 300w, https:\/\/www.whiteturf.ch\/wp-content\/uploads\/2025\/12\/wt_stories_jakob-broger-mit-volta-1024x683.jpg 1024w, https:\/\/www.whiteturf.ch\/wp-content\/uploads\/2025\/12\/wt_stories_jakob-broger-mit-volta-1536x1024.jpg 1536w, https:\/\/www.whiteturf.ch\/wp-content\/uploads\/2025\/12\/wt_stories_jakob-broger-mit-volta-18x12.jpg 18w, https:\/\/www.whiteturf.ch\/wp-content\/uploads\/2025\/12\/wt_stories_jakob-broger-mit-volta-1080x720.jpg 1080w, https:\/\/www.whiteturf.ch\/wp-content\/uploads\/2025\/12\/wt_stories_jakob-broger-mit-volta-700x467.jpg 700w, https:\/\/www.whiteturf.ch\/wp-content\/uploads\/2025\/12\/wt_stories_jakob-broger-mit-volta.jpg 1920w\" sizes=\"(max-width: 768px) 100vw, 768px\" \/><\/div>\n\t\t<\/a>\n\t\t\t\t<div class=\"elementor-post__text\">\n\t\t\t\t<h3 class=\"elementor-post__title\">\n\t\t\t<a href=\"https:\/\/www.whiteturf.ch\/en\/eine-aera-auf-eis-stall-zuerichsee\/\" >\n\t\t\t\tEINE \u00c4RA AUF EIS \u2013 STALL Z\u00dcRICHSEE\t\t\t<\/a>\n\t\t<\/h3>\n\t\t\t\t<div class=\"elementor-post__meta-data\">\n\t\t\t\t\t<span class=\"elementor-post-date\">\n\t\t\t04.02.2026\t\t<\/span>\n\t\t\t\t<\/div>\n\t\t\t\t<div class=\"elementor-post__excerpt\">\n\t\t\t<p>18 Siege, eine unvergessene Stute und ein \u00abDream Team\u00bb f\u00fcr die Ewigkeit. Die Geschichte des Stall Z\u00fcrichsee ist untrennbar mit dem White Turf verbunden. Ein R\u00fcckblick auf die goldene \u00c4ra\t\t<\/div>\n\t\t\n\t\t<a class=\"elementor-post__read-more\" href=\"https:\/\/www.whiteturf.ch\/en\/eine-aera-auf-eis-stall-zuerichsee\/\" aria-label=\"Read more about EINE \u00c4RA AUF EIS \u2013 STALL Z\u00dcRICHSEE\" tabindex=\"-1\" >\n\t\t\tLesen\t\t<\/a>\n\n\t\t\t\t<\/div>\n\t\t\t\t<\/article>\n\t\t\t\t<article class=\"elementor-post elementor-grid-item post-8416 post type-post status-publish format-standard has-post-thumbnail hentry category-geschichte\" role=\"listitem\">\n\t\t\t\t<a class=\"elementor-post__thumbnail__link\" href=\"https:\/\/www.whiteturf.ch\/en\/white-turf-st-moritz\/\" tabindex=\"-1\" >\n\t\t\t<div class=\"elementor-post__thumbnail\"><img loading=\"lazy\" decoding=\"async\" width=\"768\" height=\"512\" src=\"https:\/\/www.whiteturf.ch\/wp-content\/uploads\/2025\/12\/wt_stories_st-moritz_15392_Skikjoering-768x512.jpg\" class=\"attachment-medium_large size-medium_large wp-image-8419\" alt=\"\" srcset=\"https:\/\/www.whiteturf.ch\/wp-content\/uploads\/2025\/12\/wt_stories_st-moritz_15392_Skikjoering-768x512.jpg 768w, https:\/\/www.whiteturf.ch\/wp-content\/uploads\/2025\/12\/wt_stories_st-moritz_15392_Skikjoering-300x200.jpg 300w, https:\/\/www.whiteturf.ch\/wp-content\/uploads\/2025\/12\/wt_stories_st-moritz_15392_Skikjoering-1024x683.jpg 1024w, https:\/\/www.whiteturf.ch\/wp-content\/uploads\/2025\/12\/wt_stories_st-moritz_15392_Skikjoering-1536x1024.jpg 1536w, https:\/\/www.whiteturf.ch\/wp-content\/uploads\/2025\/12\/wt_stories_st-moritz_15392_Skikjoering-18x12.jpg 18w, https:\/\/www.whiteturf.ch\/wp-content\/uploads\/2025\/12\/wt_stories_st-moritz_15392_Skikjoering-1080x720.jpg 1080w, https:\/\/www.whiteturf.ch\/wp-content\/uploads\/2025\/12\/wt_stories_st-moritz_15392_Skikjoering-700x467.jpg 700w, https:\/\/www.whiteturf.ch\/wp-content\/uploads\/2025\/12\/wt_stories_st-moritz_15392_Skikjoering.jpg 1920w\" sizes=\"(max-width: 768px) 100vw, 768px\" \/><\/div>\n\t\t<\/a>\n\t\t\t\t<div class=\"elementor-post__text\">\n\t\t\t\t<h3 class=\"elementor-post__title\">\n\t\t\t<a href=\"https:\/\/www.whiteturf.ch\/en\/white-turf-st-moritz\/\" >\n\t\t\t\tWHITE TURF ST.\u00a0MORITZ\t\t\t<\/a>\n\t\t<\/h3>\n\t\t\t\t<div class=\"elementor-post__meta-data\">\n\t\t\t\t\t<span class=\"elementor-post-date\">\n\t\t\t13.01.2026\t\t<\/span>\n\t\t\t\t<\/div>\n\t\t\t\t<div class=\"elementor-post__excerpt\">\n\t\t\t<p>Seit \u00fcber einem Jahrhundert schreibt der White Turf auf dem gefrorenen See Geschichte. Er ist mehr als ein Event \u2013 er ist der Spiegel von St. Moritz. Eine Geschichte \u00fcber\t\t<\/div>\n\t\t\n\t\t<a class=\"elementor-post__read-more\" href=\"https:\/\/www.whiteturf.ch\/en\/white-turf-st-moritz\/\" aria-label=\"Read more about WHITE TURF ST.\u00a0MORITZ\" tabindex=\"-1\" >\n\t\t\tLesen\t\t<\/a>\n\n\t\t\t\t<\/div>\n\t\t\t\t<\/article>\n\t\t\t\t<article class=\"elementor-post elementor-grid-item post-8277 post type-post status-publish format-standard has-post-thumbnail hentry category-family-days\" role=\"listitem\">\n\t\t\t\t<a class=\"elementor-post__thumbnail__link\" href=\"https:\/\/www.whiteturf.ch\/en\/white-turf-family-days\/\" tabindex=\"-1\" >\n\t\t\t<div class=\"elementor-post__thumbnail\"><img loading=\"lazy\" decoding=\"async\" width=\"768\" height=\"512\" src=\"https:\/\/www.whiteturf.ch\/wp-content\/uploads\/2025\/12\/wt_stories_family-days-with-lupo-768x512.jpg\" class=\"attachment-medium_large size-medium_large wp-image-8278\" alt=\"\" srcset=\"https:\/\/www.whiteturf.ch\/wp-content\/uploads\/2025\/12\/wt_stories_family-days-with-lupo-768x512.jpg 768w, https:\/\/www.whiteturf.ch\/wp-content\/uploads\/2025\/12\/wt_stories_family-days-with-lupo-300x200.jpg 300w, https:\/\/www.whiteturf.ch\/wp-content\/uploads\/2025\/12\/wt_stories_family-days-with-lupo-1024x683.jpg 1024w, https:\/\/www.whiteturf.ch\/wp-content\/uploads\/2025\/12\/wt_stories_family-days-with-lupo-1536x1024.jpg 1536w, https:\/\/www.whiteturf.ch\/wp-content\/uploads\/2025\/12\/wt_stories_family-days-with-lupo-18x12.jpg 18w, https:\/\/www.whiteturf.ch\/wp-content\/uploads\/2025\/12\/wt_stories_family-days-with-lupo-1080x720.jpg 1080w, https:\/\/www.whiteturf.ch\/wp-content\/uploads\/2025\/12\/wt_stories_family-days-with-lupo-700x467.jpg 700w, https:\/\/www.whiteturf.ch\/wp-content\/uploads\/2025\/12\/wt_stories_family-days-with-lupo.jpg 1920w\" sizes=\"(max-width: 768px) 100vw, 768px\" \/><\/div>\n\t\t<\/a>\n\t\t\t\t<div class=\"elementor-post__text\">\n\t\t\t\t<h3 class=\"elementor-post__title\">\n\t\t\t<a href=\"https:\/\/www.whiteturf.ch\/en\/white-turf-family-days\/\" >\n\t\t\t\tWhite Turf Family Days\t\t\t<\/a>\n\t\t<\/h3>\n\t\t\t\t<div class=\"elementor-post__meta-data\">\n\t\t\t\t\t<span class=\"elementor-post-date\">\n\t\t\t17.12.2025\t\t<\/span>\n\t\t\t\t<\/div>\n\t\t\t\t<div class=\"elementor-post__excerpt\">\n\t\t\t<p>Ein Fest f\u00fcr Familien, Freundschaft und Pferdest\u00e4rken: Wenn sich der St. Moritzersee in eine Winterarena verwandelt, beginnt auch die Zeit f\u00fcr den Nachwuchs. Wir blicken auf das Programm und sprechen\t\t<\/div>\n\t\t\n\t\t<a class=\"elementor-post__read-more\" href=\"https:\/\/www.whiteturf.ch\/en\/white-turf-family-days\/\" aria-label=\"Read more about White Turf Family Days\" tabindex=\"-1\" >\n\t\t\tLesen\t\t<\/a>\n\n\t\t\t\t<\/div>\n\t\t\t\t<\/article>\n\t\t\t\t<article class=\"elementor-post elementor-grid-item post-8374 post type-post status-publish format-standard has-post-thumbnail hentry category-menschen\" role=\"listitem\">\n\t\t\t\t<a class=\"elementor-post__thumbnail__link\" href=\"https:\/\/www.whiteturf.ch\/en\/miroslav-miro-weiss\/\" tabindex=\"-1\" >\n\t\t\t<div class=\"elementor-post__thumbnail\"><img loading=\"lazy\" decoding=\"async\" width=\"768\" height=\"512\" src=\"https:\/\/www.whiteturf.ch\/wp-content\/uploads\/2025\/12\/wt_stories_scs_180218_067_Miro-Weiss-768x512.jpg\" class=\"attachment-medium_large size-medium_large wp-image-8376\" alt=\"\" srcset=\"https:\/\/www.whiteturf.ch\/wp-content\/uploads\/2025\/12\/wt_stories_scs_180218_067_Miro-Weiss-768x512.jpg 768w, https:\/\/www.whiteturf.ch\/wp-content\/uploads\/2025\/12\/wt_stories_scs_180218_067_Miro-Weiss-300x200.jpg 300w, https:\/\/www.whiteturf.ch\/wp-content\/uploads\/2025\/12\/wt_stories_scs_180218_067_Miro-Weiss-1024x683.jpg 1024w, https:\/\/www.whiteturf.ch\/wp-content\/uploads\/2025\/12\/wt_stories_scs_180218_067_Miro-Weiss-1536x1024.jpg 1536w, https:\/\/www.whiteturf.ch\/wp-content\/uploads\/2025\/12\/wt_stories_scs_180218_067_Miro-Weiss-18x12.jpg 18w, https:\/\/www.whiteturf.ch\/wp-content\/uploads\/2025\/12\/wt_stories_scs_180218_067_Miro-Weiss-1080x720.jpg 1080w, https:\/\/www.whiteturf.ch\/wp-content\/uploads\/2025\/12\/wt_stories_scs_180218_067_Miro-Weiss-700x467.jpg 700w, https:\/\/www.whiteturf.ch\/wp-content\/uploads\/2025\/12\/wt_stories_scs_180218_067_Miro-Weiss.jpg 1920w\" sizes=\"(max-width: 768px) 100vw, 768px\" \/><\/div>\n\t\t<\/a>\n\t\t\t\t<div class=\"elementor-post__text\">\n\t\t\t\t<h3 class=\"elementor-post__title\">\n\t\t\t<a href=\"https:\/\/www.whiteturf.ch\/en\/miroslav-miro-weiss\/\" >\n\t\t\t\tMIROSLAV \u00abMIRO\u00bb WEISS\t\t\t<\/a>\n\t\t<\/h3>\n\t\t\t\t<div class=\"elementor-post__meta-data\">\n\t\t\t\t\t<span class=\"elementor-post-date\">\n\t\t\t15.12.2025\t\t<\/span>\n\t\t\t\t<\/div>\n\t\t\t\t<div class=\"elementor-post__excerpt\">\n\t\t\t<p>Nach 45 Jahren und \u00fcber 1000 Siegen tritt eine Legende ab. Doch Miroslav Weiss hat noch ein letztes grosses Ziel: Am White Turf 2026 die magische Marke von 100 Siegen\t\t<\/div>\n\t\t\n\t\t<a class=\"elementor-post__read-more\" href=\"https:\/\/www.whiteturf.ch\/en\/miroslav-miro-weiss\/\" aria-label=\"Read more about MIROSLAV \u00abMIRO\u00bb WEISS\" tabindex=\"-1\" >\n\t\t\tLesen\t\t<\/a>\n\n\t\t\t\t<\/div>\n\t\t\t\t<\/article>\n\t\t\t\t<article class=\"elementor-post elementor-grid-item post-8395 post type-post status-publish format-standard has-post-thumbnail hentry category-menschen\" role=\"listitem\">\n\t\t\t\t<a class=\"elementor-post__thumbnail__link\" href=\"https:\/\/www.whiteturf.ch\/en\/liberty-stone-racing\/\" tabindex=\"-1\" >\n\t\t\t<div class=\"elementor-post__thumbnail\"><img loading=\"lazy\" decoding=\"async\" width=\"768\" height=\"512\" src=\"https:\/\/www.whiteturf.ch\/wp-content\/uploads\/2025\/12\/wt_stories_Libby-Stone_Preparing-for-White-Turf-768x512.jpg\" class=\"attachment-medium_large size-medium_large wp-image-8397\" alt=\"\" srcset=\"https:\/\/www.whiteturf.ch\/wp-content\/uploads\/2025\/12\/wt_stories_Libby-Stone_Preparing-for-White-Turf-768x512.jpg 768w, https:\/\/www.whiteturf.ch\/wp-content\/uploads\/2025\/12\/wt_stories_Libby-Stone_Preparing-for-White-Turf-300x200.jpg 300w, https:\/\/www.whiteturf.ch\/wp-content\/uploads\/2025\/12\/wt_stories_Libby-Stone_Preparing-for-White-Turf-1024x683.jpg 1024w, https:\/\/www.whiteturf.ch\/wp-content\/uploads\/2025\/12\/wt_stories_Libby-Stone_Preparing-for-White-Turf-1536x1024.jpg 1536w, https:\/\/www.whiteturf.ch\/wp-content\/uploads\/2025\/12\/wt_stories_Libby-Stone_Preparing-for-White-Turf-18x12.jpg 18w, https:\/\/www.whiteturf.ch\/wp-content\/uploads\/2025\/12\/wt_stories_Libby-Stone_Preparing-for-White-Turf-1080x720.jpg 1080w, https:\/\/www.whiteturf.ch\/wp-content\/uploads\/2025\/12\/wt_stories_Libby-Stone_Preparing-for-White-Turf-700x467.jpg 700w, https:\/\/www.whiteturf.ch\/wp-content\/uploads\/2025\/12\/wt_stories_Libby-Stone_Preparing-for-White-Turf.jpg 1920w\" sizes=\"(max-width: 768px) 100vw, 768px\" \/><\/div>\n\t\t<\/a>\n\t\t\t\t<div class=\"elementor-post__text\">\n\t\t\t\t<h3 class=\"elementor-post__title\">\n\t\t\t<a href=\"https:\/\/www.whiteturf.ch\/en\/liberty-stone-racing\/\" >\n\t\t\t\tLIBERTY STONE RACING\t\t\t<\/a>\n\t\t<\/h3>\n\t\t\t\t<div class=\"elementor-post__meta-data\">\n\t\t\t\t\t<span class=\"elementor-post-date\">\n\t\t\t13.12.2025\t\t<\/span>\n\t\t\t\t<\/div>\n\t\t\t\t<div class=\"elementor-post__excerpt\">\n\t\t\t<p>Wie bereitet man sich im gr\u00fcnen England auf Schnee und Eis vor? Liberty Stone Racing geht ungew\u00f6hnliche Wege: Statt auf gefrorenen Seen trainieren sie mit Inlinern. Ein Gespr\u00e4ch \u00fcber Vertrauen,\t\t<\/div>\n\t\t\n\t\t<a class=\"elementor-post__read-more\" href=\"https:\/\/www.whiteturf.ch\/en\/liberty-stone-racing\/\" aria-label=\"Read more about LIBERTY STONE RACING\" tabindex=\"-1\" >\n\t\t\tLesen\t\t<\/a>\n\n\t\t\t\t<\/div>\n\t\t\t\t<\/article>\n\t\t\t\t<article class=\"elementor-post elementor-grid-item post-8388 post type-post status-publish format-standard has-post-thumbnail hentry category-sicherheit-tierwohl\" role=\"listitem\">\n\t\t\t\t<a class=\"elementor-post__thumbnail__link\" href=\"https:\/\/www.whiteturf.ch\/en\/skikjoering-reloaded\/\" tabindex=\"-1\" >\n\t\t\t<div class=\"elementor-post__thumbnail\"><img loading=\"lazy\" decoding=\"async\" width=\"768\" height=\"512\" src=\"https:\/\/www.whiteturf.ch\/wp-content\/uploads\/2025\/12\/wt_stories_skikjoering-reloaded-768x512.jpg\" class=\"attachment-medium_large size-medium_large wp-image-8390\" alt=\"\" srcset=\"https:\/\/www.whiteturf.ch\/wp-content\/uploads\/2025\/12\/wt_stories_skikjoering-reloaded-768x512.jpg 768w, https:\/\/www.whiteturf.ch\/wp-content\/uploads\/2025\/12\/wt_stories_skikjoering-reloaded-300x200.jpg 300w, https:\/\/www.whiteturf.ch\/wp-content\/uploads\/2025\/12\/wt_stories_skikjoering-reloaded-1024x683.jpg 1024w, https:\/\/www.whiteturf.ch\/wp-content\/uploads\/2025\/12\/wt_stories_skikjoering-reloaded-1536x1024.jpg 1536w, https:\/\/www.whiteturf.ch\/wp-content\/uploads\/2025\/12\/wt_stories_skikjoering-reloaded-18x12.jpg 18w, https:\/\/www.whiteturf.ch\/wp-content\/uploads\/2025\/12\/wt_stories_skikjoering-reloaded-1080x720.jpg 1080w, https:\/\/www.whiteturf.ch\/wp-content\/uploads\/2025\/12\/wt_stories_skikjoering-reloaded-700x467.jpg 700w, https:\/\/www.whiteturf.ch\/wp-content\/uploads\/2025\/12\/wt_stories_skikjoering-reloaded.jpg 1920w\" sizes=\"(max-width: 768px) 100vw, 768px\" \/><\/div>\n\t\t<\/a>\n\t\t\t\t<div class=\"elementor-post__text\">\n\t\t\t\t<h3 class=\"elementor-post__title\">\n\t\t\t<a href=\"https:\/\/www.whiteturf.ch\/en\/skikjoering-reloaded\/\" >\n\t\t\t\tSKIKJ\u00d6RING RELOADED\t\t\t<\/a>\n\t\t<\/h3>\n\t\t\t\t<div class=\"elementor-post__meta-data\">\n\t\t\t\t\t<span class=\"elementor-post-date\">\n\t\t\t06.12.2025\t\t<\/span>\n\t\t\t\t<\/div>\n\t\t\t\t<div class=\"elementor-post__excerpt\">\n\t\t\t<p>St. Moritz 2025: Ein technischer Zwischenfall sorgte f\u00fcr einen Fehlstart beim Skikj\u00f6ring. Wir blicken hinter die Kulissen der Analyse: Was das \u00abT\u00fcrklinken-Ph\u00e4nomen\u00bb damit zu tun hat und wie eine neue\t\t<\/div>\n\t\t\n\t\t<a class=\"elementor-post__read-more\" href=\"https:\/\/www.whiteturf.ch\/en\/skikjoering-reloaded\/\" aria-label=\"Read more about SKIKJ\u00d6RING RELOADED\" tabindex=\"-1\" >\n\t\t\tLesen\t\t<\/a>\n\n\t\t\t\t<\/div>\n\t\t\t\t<\/article>\n\t\t\t\t<article class=\"elementor-post elementor-grid-item post-7736 post type-post status-publish format-standard has-post-thumbnail hentry category-sicherheit-tierwohl\" role=\"listitem\">\n\t\t\t\t<a class=\"elementor-post__thumbnail__link\" href=\"https:\/\/www.whiteturf.ch\/en\/sicherheit-im-skikjoering\/\" tabindex=\"-1\" >\n\t\t\t<div class=\"elementor-post__thumbnail\"><img loading=\"lazy\" decoding=\"async\" width=\"768\" height=\"768\" src=\"https:\/\/www.whiteturf.ch\/wp-content\/uploads\/2025\/02\/WT_Stories_SicherheitSkikjoering-768x768.jpg\" class=\"attachment-medium_large size-medium_large wp-image-7737\" alt=\"\" srcset=\"https:\/\/www.whiteturf.ch\/wp-content\/uploads\/2025\/02\/WT_Stories_SicherheitSkikjoering-768x768.jpg 768w, https:\/\/www.whiteturf.ch\/wp-content\/uploads\/2025\/02\/WT_Stories_SicherheitSkikjoering-300x300.jpg 300w, https:\/\/www.whiteturf.ch\/wp-content\/uploads\/2025\/02\/WT_Stories_SicherheitSkikjoering-1024x1024.jpg 1024w, https:\/\/www.whiteturf.ch\/wp-content\/uploads\/2025\/02\/WT_Stories_SicherheitSkikjoering-150x150.jpg 150w, https:\/\/www.whiteturf.ch\/wp-content\/uploads\/2025\/02\/WT_Stories_SicherheitSkikjoering-12x12.jpg 12w, https:\/\/www.whiteturf.ch\/wp-content\/uploads\/2025\/02\/WT_Stories_SicherheitSkikjoering-1080x1080.jpg 1080w, https:\/\/www.whiteturf.ch\/wp-content\/uploads\/2025\/02\/WT_Stories_SicherheitSkikjoering-700x700.jpg 700w, https:\/\/www.whiteturf.ch\/wp-content\/uploads\/2025\/02\/WT_Stories_SicherheitSkikjoering-400x400.jpg 400w, https:\/\/www.whiteturf.ch\/wp-content\/uploads\/2025\/02\/WT_Stories_SicherheitSkikjoering.jpg 1280w\" sizes=\"(max-width: 768px) 100vw, 768px\" \/><\/div>\n\t\t<\/a>\n\t\t\t\t<div class=\"elementor-post__text\">\n\t\t\t\t<h3 class=\"elementor-post__title\">\n\t\t\t<a href=\"https:\/\/www.whiteturf.ch\/en\/sicherheit-im-skikjoering\/\" >\n\t\t\t\tSicherheit im Skikj\u00f6ring\t\t\t<\/a>\n\t\t<\/h3>\n\t\t\t\t<div class=\"elementor-post__meta-data\">\n\t\t\t\t\t<span class=\"elementor-post-date\">\n\t\t\t10.01.2025\t\t<\/span>\n\t\t\t\t<\/div>\n\t\t\t\t<div class=\"elementor-post__excerpt\">\n\t\t\t<p>INTERVIEW MIT DENNIS SCHIERGEN VON MARKUS MONSTEIN F\u00fcr 2025 ist das neue Sicherheitsgeschirr im Skikj\u00f6ring die gr\u00f6sste Neuerung. Wenn Pferde fahrerlos wurden, was nicht selten der Fall ist, wurde es<\/p>\n\t\t<\/div>\n\t\t\n\t\t<a class=\"elementor-post__read-more\" href=\"https:\/\/www.whiteturf.ch\/en\/sicherheit-im-skikjoering\/\" aria-label=\"Read more about Sicherheit im Skikj\u00f6ring\" tabindex=\"-1\" >\n\t\t\tLesen\t\t<\/a>\n\n\t\t\t\t<\/div>\n\t\t\t\t<\/article>\n\t\t\t\t<article class=\"elementor-post elementor-grid-item post-127 post type-post status-publish format-standard has-post-thumbnail hentry category-menschen\" role=\"listitem\">\n\t\t\t\t<a class=\"elementor-post__thumbnail__link\" href=\"https:\/\/www.whiteturf.ch\/en\/tino-conrad\/\" tabindex=\"-1\" >\n\t\t\t<div class=\"elementor-post__thumbnail\"><img loading=\"lazy\" decoding=\"async\" width=\"768\" height=\"1152\" src=\"https:\/\/www.whiteturf.ch\/wp-content\/uploads\/2022\/04\/wt_stories_tino-conrad-768x1152.jpg\" class=\"attachment-medium_large size-medium_large wp-image-1372\" alt=\"\" srcset=\"https:\/\/www.whiteturf.ch\/wp-content\/uploads\/2022\/04\/wt_stories_tino-conrad-768x1152.jpg 768w, https:\/\/www.whiteturf.ch\/wp-content\/uploads\/2022\/04\/wt_stories_tino-conrad-200x300.jpg 200w, https:\/\/www.whiteturf.ch\/wp-content\/uploads\/2022\/04\/wt_stories_tino-conrad-683x1024.jpg 683w, https:\/\/www.whiteturf.ch\/wp-content\/uploads\/2022\/04\/wt_stories_tino-conrad-1024x1536.jpg 1024w, https:\/\/www.whiteturf.ch\/wp-content\/uploads\/2022\/04\/wt_stories_tino-conrad-8x12.jpg 8w, https:\/\/www.whiteturf.ch\/wp-content\/uploads\/2022\/04\/wt_stories_tino-conrad-1080x1620.jpg 1080w, https:\/\/www.whiteturf.ch\/wp-content\/uploads\/2022\/04\/wt_stories_tino-conrad-700x1050.jpg 700w, https:\/\/www.whiteturf.ch\/wp-content\/uploads\/2022\/04\/wt_stories_tino-conrad.jpg 1280w\" sizes=\"(max-width: 768px) 100vw, 768px\" \/><\/div>\n\t\t<\/a>\n\t\t\t\t<div class=\"elementor-post__text\">\n\t\t\t\t<h3 class=\"elementor-post__title\">\n\t\t\t<a href=\"https:\/\/www.whiteturf.ch\/en\/tino-conrad\/\" >\n\t\t\t\tTino Conrad\t\t\t<\/a>\n\t\t<\/h3>\n\t\t\t\t<div class=\"elementor-post__meta-data\">\n\t\t\t\t\t<span class=\"elementor-post-date\">\n\t\t\t10.04.2022\t\t<\/span>\n\t\t\t\t<\/div>\n\t\t\t\t<div class=\"elementor-post__excerpt\">\n\t\t\t<p>In Erinnerung an Tino Conrad (\u2020 [2022]). Wir danken ihm f\u00fcr seine wertvollen Erinnerungen und seinen grossen Einsatz f\u00fcr den White Turf. Tino Conrad war \u00fcber viele Jahre hinweg eine<\/p>\n\t\t<\/div>\n\t\t\n\t\t<a class=\"elementor-post__read-more\" href=\"https:\/\/www.whiteturf.ch\/en\/tino-conrad\/\" aria-label=\"Read more about Tino Conrad\" tabindex=\"-1\" >\n\t\t\tLesen\t\t<\/a>\n\n\t\t\t\t<\/div>\n\t\t\t\t<\/article>\n\t\t\t\t<article class=\"elementor-post elementor-grid-item post-123 post type-post status-publish format-standard has-post-thumbnail hentry category-menschen\" role=\"listitem\">\n\t\t\t\t<a class=\"elementor-post__thumbnail__link\" href=\"https:\/\/www.whiteturf.ch\/en\/jessica-kessler\/\" tabindex=\"-1\" >\n\t\t\t<div class=\"elementor-post__thumbnail\"><img loading=\"lazy\" decoding=\"async\" width=\"768\" height=\"768\" src=\"https:\/\/www.whiteturf.ch\/wp-content\/uploads\/2022\/04\/wt_stories_jessica-kessler-768x768.jpg\" class=\"attachment-medium_large size-medium_large wp-image-1383\" alt=\"\" srcset=\"https:\/\/www.whiteturf.ch\/wp-content\/uploads\/2022\/04\/wt_stories_jessica-kessler-768x768.jpg 768w, https:\/\/www.whiteturf.ch\/wp-content\/uploads\/2022\/04\/wt_stories_jessica-kessler-300x300.jpg 300w, https:\/\/www.whiteturf.ch\/wp-content\/uploads\/2022\/04\/wt_stories_jessica-kessler-1024x1024.jpg 1024w, https:\/\/www.whiteturf.ch\/wp-content\/uploads\/2022\/04\/wt_stories_jessica-kessler-150x150.jpg 150w, https:\/\/www.whiteturf.ch\/wp-content\/uploads\/2022\/04\/wt_stories_jessica-kessler-12x12.jpg 12w, https:\/\/www.whiteturf.ch\/wp-content\/uploads\/2022\/04\/wt_stories_jessica-kessler-1080x1080.jpg 1080w, https:\/\/www.whiteturf.ch\/wp-content\/uploads\/2022\/04\/wt_stories_jessica-kessler-700x700.jpg 700w, https:\/\/www.whiteturf.ch\/wp-content\/uploads\/2022\/04\/wt_stories_jessica-kessler-400x400.jpg 400w, https:\/\/www.whiteturf.ch\/wp-content\/uploads\/2022\/04\/wt_stories_jessica-kessler.jpg 1280w\" sizes=\"(max-width: 768px) 100vw, 768px\" \/><\/div>\n\t\t<\/a>\n\t\t\t\t<div class=\"elementor-post__text\">\n\t\t\t\t<h3 class=\"elementor-post__title\">\n\t\t\t<a href=\"https:\/\/www.whiteturf.ch\/en\/jessica-kessler\/\" >\n\t\t\t\tJessica Kessler\t\t\t<\/a>\n\t\t<\/h3>\n\t\t\t\t<div class=\"elementor-post__meta-data\">\n\t\t\t\t\t<span class=\"elementor-post-date\">\n\t\t\t10.04.2022\t\t<\/span>\n\t\t\t\t<\/div>\n\t\t\t\t<div class=\"elementor-post__excerpt\">\n\t\t\t<p>Schon alleine die Kulisse mit den Bergen im Hintergrund und die spezielle Stimmung auf dem See begeistert uns jedes Mal wieder aufs Neue und ist f\u00fcr uns vom Ponyclub ein<\/p>\n\t\t<\/div>\n\t\t\n\t\t<a class=\"elementor-post__read-more\" href=\"https:\/\/www.whiteturf.ch\/en\/jessica-kessler\/\" aria-label=\"Read more about Jessica Kessler\" tabindex=\"-1\" >\n\t\t\tLesen\t\t<\/a>\n\n\t\t\t\t<\/div>\n\t\t\t\t<\/article>\n\t\t\t\t<article class=\"elementor-post elementor-grid-item post-119 post type-post status-publish format-standard has-post-thumbnail hentry category-menschen\" role=\"listitem\">\n\t\t\t\t<a class=\"elementor-post__thumbnail__link\" href=\"https:\/\/www.whiteturf.ch\/en\/heritage-82-at-edmb-festival-2020\/\" tabindex=\"-1\" >\n\t\t\t<div class=\"elementor-post__thumbnail\"><img loading=\"lazy\" decoding=\"async\" width=\"768\" height=\"512\" src=\"https:\/\/www.whiteturf.ch\/wp-content\/uploads\/2022\/04\/wt_stories_anton-krauliger-768x512.jpg\" class=\"attachment-medium_large size-medium_large wp-image-1338\" alt=\"\" srcset=\"https:\/\/www.whiteturf.ch\/wp-content\/uploads\/2022\/04\/wt_stories_anton-krauliger-768x512.jpg 768w, https:\/\/www.whiteturf.ch\/wp-content\/uploads\/2022\/04\/wt_stories_anton-krauliger-300x200.jpg 300w, https:\/\/www.whiteturf.ch\/wp-content\/uploads\/2022\/04\/wt_stories_anton-krauliger-1024x683.jpg 1024w, https:\/\/www.whiteturf.ch\/wp-content\/uploads\/2022\/04\/wt_stories_anton-krauliger-1536x1024.jpg 1536w, https:\/\/www.whiteturf.ch\/wp-content\/uploads\/2022\/04\/wt_stories_anton-krauliger-18x12.jpg 18w, https:\/\/www.whiteturf.ch\/wp-content\/uploads\/2022\/04\/wt_stories_anton-krauliger-1080x720.jpg 1080w, https:\/\/www.whiteturf.ch\/wp-content\/uploads\/2022\/04\/wt_stories_anton-krauliger-700x467.jpg 700w, https:\/\/www.whiteturf.ch\/wp-content\/uploads\/2022\/04\/wt_stories_anton-krauliger.jpg 1920w\" sizes=\"(max-width: 768px) 100vw, 768px\" \/><\/div>\n\t\t<\/a>\n\t\t\t\t<div class=\"elementor-post__text\">\n\t\t\t\t<h3 class=\"elementor-post__title\">\n\t\t\t<a href=\"https:\/\/www.whiteturf.ch\/en\/heritage-82-at-edmb-festival-2020\/\" >\n\t\t\t\tAnton Kr\u00e4uliger\t\t\t<\/a>\n\t\t<\/h3>\n\t\t\t\t<div class=\"elementor-post__meta-data\">\n\t\t\t\t\t<span class=\"elementor-post-date\">\n\t\t\t10.04.2022\t\t<\/span>\n\t\t\t\t<\/div>\n\t\t\t\t<div class=\"elementor-post__excerpt\">\n\t\t\t<p>Seit meiner Kindheit bin ich durch die Winterferien mit dem Engadin eng verbunden. So verfolgte ich bereits als Jugendlicher die Pferderennen auf dem See mit Begeisterung. Damals kam der White<\/p>\n\t\t<\/div>\n\t\t\n\t\t<a class=\"elementor-post__read-more\" href=\"https:\/\/www.whiteturf.ch\/en\/heritage-82-at-edmb-festival-2020\/\" aria-label=\"Read more about Anton Kr\u00e4uliger\" tabindex=\"-1\" >\n\t\t\tLesen\t\t<\/a>\n\n\t\t\t\t<\/div>\n\t\t\t\t<\/article>\n\t\t\t\t<article class=\"elementor-post elementor-grid-item post-1475 post type-post status-publish format-standard has-post-thumbnail hentry category-menschen\" role=\"listitem\">\n\t\t\t\t<a class=\"elementor-post__thumbnail__link\" href=\"https:\/\/www.whiteturf.ch\/en\/markus-hauser\/\" tabindex=\"-1\" >\n\t\t\t<div class=\"elementor-post__thumbnail\"><img loading=\"lazy\" decoding=\"async\" width=\"768\" height=\"512\" src=\"https:\/\/www.whiteturf.ch\/wp-content\/uploads\/2022\/04\/wt_stories_markus-hauser-768x512.jpg\" class=\"attachment-medium_large size-medium_large wp-image-1476\" alt=\"\" srcset=\"https:\/\/www.whiteturf.ch\/wp-content\/uploads\/2022\/04\/wt_stories_markus-hauser-768x512.jpg 768w, https:\/\/www.whiteturf.ch\/wp-content\/uploads\/2022\/04\/wt_stories_markus-hauser-300x200.jpg 300w, https:\/\/www.whiteturf.ch\/wp-content\/uploads\/2022\/04\/wt_stories_markus-hauser-1024x683.jpg 1024w, https:\/\/www.whiteturf.ch\/wp-content\/uploads\/2022\/04\/wt_stories_markus-hauser-1536x1024.jpg 1536w, https:\/\/www.whiteturf.ch\/wp-content\/uploads\/2022\/04\/wt_stories_markus-hauser-18x12.jpg 18w, https:\/\/www.whiteturf.ch\/wp-content\/uploads\/2022\/04\/wt_stories_markus-hauser-1080x720.jpg 1080w, https:\/\/www.whiteturf.ch\/wp-content\/uploads\/2022\/04\/wt_stories_markus-hauser-700x467.jpg 700w, https:\/\/www.whiteturf.ch\/wp-content\/uploads\/2022\/04\/wt_stories_markus-hauser.jpg 1920w\" sizes=\"(max-width: 768px) 100vw, 768px\" \/><\/div>\n\t\t<\/a>\n\t\t\t\t<div class=\"elementor-post__text\">\n\t\t\t\t<h3 class=\"elementor-post__title\">\n\t\t\t<a href=\"https:\/\/www.whiteturf.ch\/en\/markus-hauser\/\" >\n\t\t\t\tMarkus Hauser\t\t\t<\/a>\n\t\t<\/h3>\n\t\t\t\t<div class=\"elementor-post__meta-data\">\n\t\t\t\t\t<span class=\"elementor-post-date\">\n\t\t\t14.04.2020\t\t<\/span>\n\t\t\t\t<\/div>\n\t\t\t\t<div class=\"elementor-post__excerpt\">\n\t\t\t<p>Seit 1985 f\u00fchrt der Lokalmatador Markus Hauser den gleichnamigen Familienhotelbetrieb und das bereits in vierter Generation. Daneben schl\u00e4gt sein Herz seit \u00fcber 25 Jahren f\u00fcr den White Turf: als Pr\u00e4sident,<\/p>\n\t\t<\/div>\n\t\t\n\t\t<a class=\"elementor-post__read-more\" href=\"https:\/\/www.whiteturf.ch\/en\/markus-hauser\/\" aria-label=\"Read more about Markus Hauser\" tabindex=\"-1\" >\n\t\t\tLesen\t\t<\/a>\n\n\t\t\t\t<\/div>\n\t\t\t\t<\/article>\n\t\t\t\t<article class=\"elementor-post elementor-grid-item post-1469 post type-post status-publish format-standard has-post-thumbnail hentry category-menschen\" role=\"listitem\">\n\t\t\t\t<a class=\"elementor-post__thumbnail__link\" href=\"https:\/\/www.whiteturf.ch\/en\/antoinette-tamagni\/\" tabindex=\"-1\" >\n\t\t\t<div class=\"elementor-post__thumbnail\"><img loading=\"lazy\" decoding=\"async\" width=\"768\" height=\"512\" src=\"https:\/\/www.whiteturf.ch\/wp-content\/uploads\/2022\/04\/wt_stories_antoinette-tamagni-768x512.jpg\" class=\"attachment-medium_large size-medium_large wp-image-1470\" alt=\"\" srcset=\"https:\/\/www.whiteturf.ch\/wp-content\/uploads\/2022\/04\/wt_stories_antoinette-tamagni-768x512.jpg 768w, https:\/\/www.whiteturf.ch\/wp-content\/uploads\/2022\/04\/wt_stories_antoinette-tamagni-300x200.jpg 300w, https:\/\/www.whiteturf.ch\/wp-content\/uploads\/2022\/04\/wt_stories_antoinette-tamagni-1024x683.jpg 1024w, https:\/\/www.whiteturf.ch\/wp-content\/uploads\/2022\/04\/wt_stories_antoinette-tamagni-1536x1024.jpg 1536w, https:\/\/www.whiteturf.ch\/wp-content\/uploads\/2022\/04\/wt_stories_antoinette-tamagni-18x12.jpg 18w, https:\/\/www.whiteturf.ch\/wp-content\/uploads\/2022\/04\/wt_stories_antoinette-tamagni-1080x720.jpg 1080w, https:\/\/www.whiteturf.ch\/wp-content\/uploads\/2022\/04\/wt_stories_antoinette-tamagni-700x467.jpg 700w, https:\/\/www.whiteturf.ch\/wp-content\/uploads\/2022\/04\/wt_stories_antoinette-tamagni.jpg 1920w\" sizes=\"(max-width: 768px) 100vw, 768px\" \/><\/div>\n\t\t<\/a>\n\t\t\t\t<div class=\"elementor-post__text\">\n\t\t\t\t<h3 class=\"elementor-post__title\">\n\t\t\t<a href=\"https:\/\/www.whiteturf.ch\/en\/antoinette-tamagni\/\" >\n\t\t\t\tAntoinette Tamagni\t\t\t<\/a>\n\t\t<\/h3>\n\t\t\t\t<div class=\"elementor-post__meta-data\">\n\t\t\t\t\t<span class=\"elementor-post-date\">\n\t\t\t14.04.2020\t\t<\/span>\n\t\t\t\t<\/div>\n\t\t\t\t<div class=\"elementor-post__excerpt\">\n\t\t\t<p>Zusammen mit ihrem Lebenspartner Patrick Ch\u00e9deville z\u00fcchtet die Schweizerin Antoinette Tamagni in Frankreich Rennpferde auf Topniveau. Der White Turf ist f\u00fcr sie ein fester Programmpunkt in ihrer Agenda \u2212 und<\/p>\n\t\t<\/div>\n\t\t\n\t\t<a class=\"elementor-post__read-more\" href=\"https:\/\/www.whiteturf.ch\/en\/antoinette-tamagni\/\" aria-label=\"Read more about Antoinette Tamagni\" tabindex=\"-1\" >\n\t\t\tLesen\t\t<\/a>\n\n\t\t\t\t<\/div>\n\t\t\t\t<\/article>\n\t\t\t\t<article class=\"elementor-post elementor-grid-item post-95 post type-post status-publish format-standard has-post-thumbnail hentry category-menschen\" role=\"listitem\">\n\t\t\t\t<a class=\"elementor-post__thumbnail__link\" href=\"https:\/\/www.whiteturf.ch\/en\/reto-vanoli\/\" tabindex=\"-1\" >\n\t\t\t<div class=\"elementor-post__thumbnail\"><img loading=\"lazy\" decoding=\"async\" width=\"768\" height=\"512\" src=\"https:\/\/www.whiteturf.ch\/wp-content\/uploads\/2022\/04\/wt_stories_reto-vanoli-768x512.jpg\" class=\"attachment-medium_large size-medium_large wp-image-1462\" alt=\"\" srcset=\"https:\/\/www.whiteturf.ch\/wp-content\/uploads\/2022\/04\/wt_stories_reto-vanoli-768x512.jpg 768w, https:\/\/www.whiteturf.ch\/wp-content\/uploads\/2022\/04\/wt_stories_reto-vanoli-300x200.jpg 300w, https:\/\/www.whiteturf.ch\/wp-content\/uploads\/2022\/04\/wt_stories_reto-vanoli-1024x683.jpg 1024w, https:\/\/www.whiteturf.ch\/wp-content\/uploads\/2022\/04\/wt_stories_reto-vanoli-1536x1024.jpg 1536w, https:\/\/www.whiteturf.ch\/wp-content\/uploads\/2022\/04\/wt_stories_reto-vanoli-18x12.jpg 18w, https:\/\/www.whiteturf.ch\/wp-content\/uploads\/2022\/04\/wt_stories_reto-vanoli-1080x720.jpg 1080w, https:\/\/www.whiteturf.ch\/wp-content\/uploads\/2022\/04\/wt_stories_reto-vanoli-700x467.jpg 700w, https:\/\/www.whiteturf.ch\/wp-content\/uploads\/2022\/04\/wt_stories_reto-vanoli.jpg 1920w\" sizes=\"(max-width: 768px) 100vw, 768px\" \/><\/div>\n\t\t<\/a>\n\t\t\t\t<div class=\"elementor-post__text\">\n\t\t\t\t<h3 class=\"elementor-post__title\">\n\t\t\t<a href=\"https:\/\/www.whiteturf.ch\/en\/reto-vanoli\/\" >\n\t\t\t\tReto Vanoli\t\t\t<\/a>\n\t\t<\/h3>\n\t\t\t\t<div class=\"elementor-post__meta-data\">\n\t\t\t\t\t<span class=\"elementor-post-date\">\n\t\t\t10.04.2020\t\t<\/span>\n\t\t\t\t<\/div>\n\t\t\t\t<div class=\"elementor-post__excerpt\">\n\t\t\t<p>Reto Vanoli ist Chef des Organisationskomitees des Pferderennens in Z\u00fcrich Dielsdorf, Rennpferdebesitzer, Mitbesitzer der Stallgemeinschaft Stall Allegra \u2013 und seit Kindesbeinen auf den Rennpl\u00e4tzen zu Hause. Pferde und Wetten sind<\/p>\n\t\t<\/div>\n\t\t\n\t\t<a class=\"elementor-post__read-more\" href=\"https:\/\/www.whiteturf.ch\/en\/reto-vanoli\/\" aria-label=\"Read more about Reto Vanoli\" tabindex=\"-1\" >\n\t\t\tLesen\t\t<\/a>\n\n\t\t\t\t<\/div>\n\t\t\t\t<\/article>\n\t\t\t\t<article class=\"elementor-post elementor-grid-item post-115 post type-post status-publish format-standard has-post-thumbnail hentry category-menschen\" role=\"listitem\">\n\t\t\t\t<a class=\"elementor-post__thumbnail__link\" href=\"https:\/\/www.whiteturf.ch\/en\/christian-freiherr-von-der-recke\/\" tabindex=\"-1\" >\n\t\t\t<div class=\"elementor-post__thumbnail\"><img loading=\"lazy\" decoding=\"async\" width=\"768\" height=\"512\" src=\"https:\/\/www.whiteturf.ch\/wp-content\/uploads\/2022\/04\/wt_stories_christian-freiherr-von-der-recke-768x512.jpg\" class=\"attachment-medium_large size-medium_large wp-image-1391\" alt=\"\" srcset=\"https:\/\/www.whiteturf.ch\/wp-content\/uploads\/2022\/04\/wt_stories_christian-freiherr-von-der-recke-768x512.jpg 768w, https:\/\/www.whiteturf.ch\/wp-content\/uploads\/2022\/04\/wt_stories_christian-freiherr-von-der-recke-300x200.jpg 300w, https:\/\/www.whiteturf.ch\/wp-content\/uploads\/2022\/04\/wt_stories_christian-freiherr-von-der-recke-1024x683.jpg 1024w, https:\/\/www.whiteturf.ch\/wp-content\/uploads\/2022\/04\/wt_stories_christian-freiherr-von-der-recke-1536x1024.jpg 1536w, https:\/\/www.whiteturf.ch\/wp-content\/uploads\/2022\/04\/wt_stories_christian-freiherr-von-der-recke-18x12.jpg 18w, https:\/\/www.whiteturf.ch\/wp-content\/uploads\/2022\/04\/wt_stories_christian-freiherr-von-der-recke-1080x720.jpg 1080w, https:\/\/www.whiteturf.ch\/wp-content\/uploads\/2022\/04\/wt_stories_christian-freiherr-von-der-recke-700x467.jpg 700w, https:\/\/www.whiteturf.ch\/wp-content\/uploads\/2022\/04\/wt_stories_christian-freiherr-von-der-recke.jpg 1920w\" sizes=\"(max-width: 768px) 100vw, 768px\" \/><\/div>\n\t\t<\/a>\n\t\t\t\t<div class=\"elementor-post__text\">\n\t\t\t\t<h3 class=\"elementor-post__title\">\n\t\t\t<a href=\"https:\/\/www.whiteturf.ch\/en\/christian-freiherr-von-der-recke\/\" >\n\t\t\t\tChristian Freiherr von der Recke\t\t\t<\/a>\n\t\t<\/h3>\n\t\t\t\t<div class=\"elementor-post__meta-data\">\n\t\t\t\t\t<span class=\"elementor-post-date\">\n\t\t\t10.04.2019\t\t<\/span>\n\t\t\t\t<\/div>\n\t\t\t\t<div class=\"elementor-post__excerpt\">\n\t\t\t<p>Der geb\u00fcrtige Deutsche Christian Freiherr von der Recke gilt als Trainerkapazit\u00e4t im internationalen Pferderennsport. In seinem \u00abRennstall Recke\u00bb ist so mancher Champion gross geworden, der auch beim White Turf f\u00fcr<\/p>\n\t\t<\/div>\n\t\t\n\t\t<a class=\"elementor-post__read-more\" href=\"https:\/\/www.whiteturf.ch\/en\/christian-freiherr-von-der-recke\/\" aria-label=\"Read more about Christian Freiherr von der Recke\" tabindex=\"-1\" >\n\t\t\tLesen\t\t<\/a>\n\n\t\t\t\t<\/div>\n\t\t\t\t<\/article>\n\t\t\t\t<article class=\"elementor-post elementor-grid-item post-111 post type-post status-publish format-standard has-post-thumbnail hentry category-menschen\" role=\"listitem\">\n\t\t\t\t<a class=\"elementor-post__thumbnail__link\" href=\"https:\/\/www.whiteturf.ch\/en\/maxime-pecheur\/\" tabindex=\"-1\" >\n\t\t\t<div class=\"elementor-post__thumbnail\"><img loading=\"lazy\" decoding=\"async\" width=\"768\" height=\"512\" src=\"https:\/\/www.whiteturf.ch\/wp-content\/uploads\/2022\/04\/wt_stories_maxime-pecheur-768x512.jpg\" class=\"attachment-medium_large size-medium_large wp-image-1408\" alt=\"\" srcset=\"https:\/\/www.whiteturf.ch\/wp-content\/uploads\/2022\/04\/wt_stories_maxime-pecheur-768x512.jpg 768w, https:\/\/www.whiteturf.ch\/wp-content\/uploads\/2022\/04\/wt_stories_maxime-pecheur-300x200.jpg 300w, https:\/\/www.whiteturf.ch\/wp-content\/uploads\/2022\/04\/wt_stories_maxime-pecheur-1024x683.jpg 1024w, https:\/\/www.whiteturf.ch\/wp-content\/uploads\/2022\/04\/wt_stories_maxime-pecheur-1536x1024.jpg 1536w, https:\/\/www.whiteturf.ch\/wp-content\/uploads\/2022\/04\/wt_stories_maxime-pecheur-18x12.jpg 18w, https:\/\/www.whiteturf.ch\/wp-content\/uploads\/2022\/04\/wt_stories_maxime-pecheur-1080x720.jpg 1080w, https:\/\/www.whiteturf.ch\/wp-content\/uploads\/2022\/04\/wt_stories_maxime-pecheur-700x467.jpg 700w, https:\/\/www.whiteturf.ch\/wp-content\/uploads\/2022\/04\/wt_stories_maxime-pecheur.jpg 1920w\" sizes=\"(max-width: 768px) 100vw, 768px\" \/><\/div>\n\t\t<\/a>\n\t\t\t\t<div class=\"elementor-post__text\">\n\t\t\t\t<h3 class=\"elementor-post__title\">\n\t\t\t<a href=\"https:\/\/www.whiteturf.ch\/en\/maxime-pecheur\/\" >\n\t\t\t\tMaxim Pecheur\t\t\t<\/a>\n\t\t<\/h3>\n\t\t\t\t<div class=\"elementor-post__meta-data\">\n\t\t\t\t\t<span class=\"elementor-post-date\">\n\t\t\t10.04.2019\t\t<\/span>\n\t\t\t\t<\/div>\n\t\t\t\t<div class=\"elementor-post__excerpt\">\n\t\t\t<p>Trotz rasantestem Tempo erlebte der Sieger der 79. Ausgabe des Grossen Preises von St. Moritz den Jubel der Zuschauer am White Turf hautnah. Sein Urteil: Nirgendwo sonst gibt es diese<\/p>\n\t\t<\/div>\n\t\t\n\t\t<a class=\"elementor-post__read-more\" href=\"https:\/\/www.whiteturf.ch\/en\/maxime-pecheur\/\" aria-label=\"Read more about Maxim Pecheur\" tabindex=\"-1\" >\n\t\t\tLesen\t\t<\/a>\n\n\t\t\t\t<\/div>\n\t\t\t\t<\/article>\n\t\t\t\t<article class=\"elementor-post elementor-grid-item post-103 post type-post status-publish format-standard has-post-thumbnail hentry category-menschen\" role=\"listitem\">\n\t\t\t\t<a class=\"elementor-post__thumbnail__link\" href=\"https:\/\/www.whiteturf.ch\/en\/jurgen-sendel\/\" tabindex=\"-1\" >\n\t\t\t<div class=\"elementor-post__thumbnail\"><img loading=\"lazy\" decoding=\"async\" width=\"768\" height=\"512\" src=\"https:\/\/www.whiteturf.ch\/wp-content\/uploads\/2022\/04\/wt_stories_juergen-sendel-768x512.jpg\" class=\"attachment-medium_large size-medium_large wp-image-1426\" alt=\"\" srcset=\"https:\/\/www.whiteturf.ch\/wp-content\/uploads\/2022\/04\/wt_stories_juergen-sendel-768x512.jpg 768w, https:\/\/www.whiteturf.ch\/wp-content\/uploads\/2022\/04\/wt_stories_juergen-sendel-300x200.jpg 300w, https:\/\/www.whiteturf.ch\/wp-content\/uploads\/2022\/04\/wt_stories_juergen-sendel-1024x683.jpg 1024w, https:\/\/www.whiteturf.ch\/wp-content\/uploads\/2022\/04\/wt_stories_juergen-sendel-1536x1024.jpg 1536w, https:\/\/www.whiteturf.ch\/wp-content\/uploads\/2022\/04\/wt_stories_juergen-sendel-18x12.jpg 18w, https:\/\/www.whiteturf.ch\/wp-content\/uploads\/2022\/04\/wt_stories_juergen-sendel-1080x720.jpg 1080w, https:\/\/www.whiteturf.ch\/wp-content\/uploads\/2022\/04\/wt_stories_juergen-sendel-700x467.jpg 700w, https:\/\/www.whiteturf.ch\/wp-content\/uploads\/2022\/04\/wt_stories_juergen-sendel.jpg 1920w\" sizes=\"(max-width: 768px) 100vw, 768px\" \/><\/div>\n\t\t<\/a>\n\t\t\t\t<div class=\"elementor-post__text\">\n\t\t\t\t<h3 class=\"elementor-post__title\">\n\t\t\t<a href=\"https:\/\/www.whiteturf.ch\/en\/jurgen-sendel\/\" >\n\t\t\t\tJ\u00fcrgen Sendel\t\t\t<\/a>\n\t\t<\/h3>\n\t\t\t\t<div class=\"elementor-post__meta-data\">\n\t\t\t\t\t<span class=\"elementor-post-date\">\n\t\t\t10.04.2019\t\t<\/span>\n\t\t\t\t<\/div>\n\t\t\t\t<div class=\"elementor-post__excerpt\">\n\t\t\t<p>Der Starfotograf J\u00fcrgen Sendel besitzt Kultstatus bei den prominenten Pers\u00f6nlichkeiten dieser Welt. Beim White Turf wird er geliebt wie ein Familienmitglied. Starfotograf Dank seiner feinsinnigen Art geh\u00f6rt J\u00fcrgen Sendel l\u00e4ngst<\/p>\n\t\t<\/div>\n\t\t\n\t\t<a class=\"elementor-post__read-more\" href=\"https:\/\/www.whiteturf.ch\/en\/jurgen-sendel\/\" aria-label=\"Read more about J\u00fcrgen Sendel\" tabindex=\"-1\" >\n\t\t\tLesen\t\t<\/a>\n\n\t\t\t\t<\/div>\n\t\t\t\t<\/article>\n\t\t\t\t<article class=\"elementor-post elementor-grid-item post-107 post type-post status-publish format-standard has-post-thumbnail hentry category-menschen\" role=\"listitem\">\n\t\t\t\t<a class=\"elementor-post__thumbnail__link\" href=\"https:\/\/www.whiteturf.ch\/en\/rene-leiser\/\" tabindex=\"-1\" >\n\t\t\t<div class=\"elementor-post__thumbnail\"><img loading=\"lazy\" decoding=\"async\" width=\"768\" height=\"512\" src=\"https:\/\/www.whiteturf.ch\/wp-content\/uploads\/2022\/04\/wt_stories_rene-leiser-768x512.jpg\" class=\"attachment-medium_large size-medium_large wp-image-1419\" alt=\"\" srcset=\"https:\/\/www.whiteturf.ch\/wp-content\/uploads\/2022\/04\/wt_stories_rene-leiser-768x512.jpg 768w, https:\/\/www.whiteturf.ch\/wp-content\/uploads\/2022\/04\/wt_stories_rene-leiser-300x200.jpg 300w, https:\/\/www.whiteturf.ch\/wp-content\/uploads\/2022\/04\/wt_stories_rene-leiser-1024x683.jpg 1024w, https:\/\/www.whiteturf.ch\/wp-content\/uploads\/2022\/04\/wt_stories_rene-leiser-1536x1024.jpg 1536w, https:\/\/www.whiteturf.ch\/wp-content\/uploads\/2022\/04\/wt_stories_rene-leiser-18x12.jpg 18w, https:\/\/www.whiteturf.ch\/wp-content\/uploads\/2022\/04\/wt_stories_rene-leiser-1080x720.jpg 1080w, https:\/\/www.whiteturf.ch\/wp-content\/uploads\/2022\/04\/wt_stories_rene-leiser-700x467.jpg 700w, https:\/\/www.whiteturf.ch\/wp-content\/uploads\/2022\/04\/wt_stories_rene-leiser.jpg 1920w\" sizes=\"(max-width: 768px) 100vw, 768px\" \/><\/div>\n\t\t<\/a>\n\t\t\t\t<div class=\"elementor-post__text\">\n\t\t\t\t<h3 class=\"elementor-post__title\">\n\t\t\t<a href=\"https:\/\/www.whiteturf.ch\/en\/rene-leiser\/\" >\n\t\t\t\tRen\u00e9 Leiser\t\t\t<\/a>\n\t\t<\/h3>\n\t\t\t\t<div class=\"elementor-post__meta-data\">\n\t\t\t\t\t<span class=\"elementor-post-date\">\n\t\t\t10.04.2019\t\t<\/span>\n\t\t\t\t<\/div>\n\t\t\t\t<div class=\"elementor-post__excerpt\">\n\t\t\t<p>Als erfolgreicher Rennpferdebesitzer geh\u00f6rt Ren\u00e9 Leiser zu den bekanntesten Schweizer Pers\u00f6nlichkeiten in der internationalen Pferderennsportszene. Der White Turf z\u00e4hlt f\u00fcr ihn zu den speziellsten Anl\u00e4ssen im Jahr. Rennpferdebesitzer Das Zusammenspiel<\/p>\n\t\t<\/div>\n\t\t\n\t\t<a class=\"elementor-post__read-more\" href=\"https:\/\/www.whiteturf.ch\/en\/rene-leiser\/\" aria-label=\"Read more about Ren\u00e9 Leiser\" tabindex=\"-1\" >\n\t\t\tLesen\t\t<\/a>\n\n\t\t\t\t<\/div>\n\t\t\t\t<\/article>\n\t\t\t\t<article class=\"elementor-post elementor-grid-item post-99 post type-post status-publish format-standard has-post-thumbnail hentry category-menschen\" role=\"listitem\">\n\t\t\t\t<a class=\"elementor-post__thumbnail__link\" href=\"https:\/\/www.whiteturf.ch\/en\/hugo-beijerman\/\" tabindex=\"-1\" >\n\t\t\t<div class=\"elementor-post__thumbnail\"><img loading=\"lazy\" decoding=\"async\" width=\"768\" height=\"512\" src=\"https:\/\/www.whiteturf.ch\/wp-content\/uploads\/2022\/04\/wt_stories_hugo-beijerman-768x512.jpg\" class=\"attachment-medium_large size-medium_large wp-image-1450\" alt=\"\" srcset=\"https:\/\/www.whiteturf.ch\/wp-content\/uploads\/2022\/04\/wt_stories_hugo-beijerman-768x512.jpg 768w, https:\/\/www.whiteturf.ch\/wp-content\/uploads\/2022\/04\/wt_stories_hugo-beijerman-300x200.jpg 300w, https:\/\/www.whiteturf.ch\/wp-content\/uploads\/2022\/04\/wt_stories_hugo-beijerman-1024x683.jpg 1024w, https:\/\/www.whiteturf.ch\/wp-content\/uploads\/2022\/04\/wt_stories_hugo-beijerman-1536x1024.jpg 1536w, https:\/\/www.whiteturf.ch\/wp-content\/uploads\/2022\/04\/wt_stories_hugo-beijerman-18x12.jpg 18w, https:\/\/www.whiteturf.ch\/wp-content\/uploads\/2022\/04\/wt_stories_hugo-beijerman-1080x720.jpg 1080w, https:\/\/www.whiteturf.ch\/wp-content\/uploads\/2022\/04\/wt_stories_hugo-beijerman-700x467.jpg 700w, https:\/\/www.whiteturf.ch\/wp-content\/uploads\/2022\/04\/wt_stories_hugo-beijerman.jpg 1920w\" sizes=\"(max-width: 768px) 100vw, 768px\" \/><\/div>\n\t\t<\/a>\n\t\t\t\t<div class=\"elementor-post__text\">\n\t\t\t\t<h3 class=\"elementor-post__title\">\n\t\t\t<a href=\"https:\/\/www.whiteturf.ch\/en\/hugo-beijerman\/\" >\n\t\t\t\tHugo Beijerman\t\t\t<\/a>\n\t\t<\/h3>\n\t\t\t\t<div class=\"elementor-post__meta-data\">\n\t\t\t\t\t<span class=\"elementor-post-date\">\n\t\t\t10.04.2019\t\t<\/span>\n\t\t\t\t<\/div>\n\t\t\t\t<div class=\"elementor-post__excerpt\">\n\t\t\t<p>Der Z\u00fcrcher Pferdebesitzer Hugo Beijerman ist durch seine regelm\u00e4ssige Teilnahme seit vielen Jahren kein Unbekannter am White Turf. Pferdebesitzer Im winterlichen St. Moritz f\u00fchlt sich Hugo Beijerman fast ein wenig<\/p>\n\t\t<\/div>\n\t\t\n\t\t<a class=\"elementor-post__read-more\" href=\"https:\/\/www.whiteturf.ch\/en\/hugo-beijerman\/\" aria-label=\"Read more about Hugo Beijerman\" tabindex=\"-1\" >\n\t\t\tLesen\t\t<\/a>\n\n\t\t\t\t<\/div>\n\t\t\t\t<\/article>\n\t\t\t\t<article class=\"elementor-post elementor-grid-item post-1481 post type-post status-publish format-standard has-post-thumbnail hentry category-geschichte\" role=\"listitem\">\n\t\t\t\t<a class=\"elementor-post__thumbnail__link\" href=\"https:\/\/www.whiteturf.ch\/en\/111-jahre-faszination-white-turf-st-moritz\/\" tabindex=\"-1\" >\n\t\t\t<div class=\"elementor-post__thumbnail\"><img loading=\"lazy\" decoding=\"async\" width=\"768\" height=\"512\" src=\"https:\/\/www.whiteturf.ch\/wp-content\/uploads\/2022\/04\/wt_stories_111-jahre-white-turf-stmoritz-768x512.jpg\" class=\"attachment-medium_large size-medium_large wp-image-1482\" alt=\"\" srcset=\"https:\/\/www.whiteturf.ch\/wp-content\/uploads\/2022\/04\/wt_stories_111-jahre-white-turf-stmoritz-768x512.jpg 768w, https:\/\/www.whiteturf.ch\/wp-content\/uploads\/2022\/04\/wt_stories_111-jahre-white-turf-stmoritz-300x200.jpg 300w, https:\/\/www.whiteturf.ch\/wp-content\/uploads\/2022\/04\/wt_stories_111-jahre-white-turf-stmoritz-1024x683.jpg 1024w, https:\/\/www.whiteturf.ch\/wp-content\/uploads\/2022\/04\/wt_stories_111-jahre-white-turf-stmoritz-1536x1024.jpg 1536w, https:\/\/www.whiteturf.ch\/wp-content\/uploads\/2022\/04\/wt_stories_111-jahre-white-turf-stmoritz-18x12.jpg 18w, https:\/\/www.whiteturf.ch\/wp-content\/uploads\/2022\/04\/wt_stories_111-jahre-white-turf-stmoritz-1080x720.jpg 1080w, https:\/\/www.whiteturf.ch\/wp-content\/uploads\/2022\/04\/wt_stories_111-jahre-white-turf-stmoritz-700x467.jpg 700w, https:\/\/www.whiteturf.ch\/wp-content\/uploads\/2022\/04\/wt_stories_111-jahre-white-turf-stmoritz.jpg 1920w\" sizes=\"(max-width: 768px) 100vw, 768px\" \/><\/div>\n\t\t<\/a>\n\t\t\t\t<div class=\"elementor-post__text\">\n\t\t\t\t<h3 class=\"elementor-post__title\">\n\t\t\t<a href=\"https:\/\/www.whiteturf.ch\/en\/111-jahre-faszination-white-turf-st-moritz\/\" >\n\t\t\t\t111 Jahre Faszination White Turf St. Moritz\t\t\t<\/a>\n\t\t<\/h3>\n\t\t\t\t<div class=\"elementor-post__meta-data\">\n\t\t\t\t\t<span class=\"elementor-post-date\">\n\t\t\t14.04.2018\t\t<\/span>\n\t\t\t\t<\/div>\n\t\t\t\t<div class=\"elementor-post__excerpt\">\n\t\t\t<p>Die Internationalen Pferderennen von St. Moritz z\u00e4hlen zum erlesenen Kreis der \u00abSwiss Top Events\u00bb, welche s\u00e4mtliche Reize der modernen Schweiz vereinen. Edle Vollblutpferde aus ganz Europa und internationale Jockeys begeistern<\/p>\n\t\t<\/div>\n\t\t\n\t\t<a class=\"elementor-post__read-more\" href=\"https:\/\/www.whiteturf.ch\/en\/111-jahre-faszination-white-turf-st-moritz\/\" aria-label=\"Read more about 111 Jahre Faszination White Turf St. Moritz\" tabindex=\"-1\" >\n\t\t\tLesen\t\t<\/a>\n\n\t\t\t\t<\/div>\n\t\t\t\t<\/article>\n\t\t\t\t<\/div>\n\t\t\n\t\t\t\t\t\t<\/div>\n\t\t\t\t<\/div>\n\t\t\t\t\t<\/div>\n\t\t<\/div>\n\t\t\t\t\t<\/div>\n\t\t<\/section>\n\t\t\t\t<\/div>\n\t\t","protected":false},"excerpt":{"rendered":"<p>Stories All Family Days Geschichte Menschen Sicherheit Sicherheit Tierwohl beim White Turf 21.08.2026 No Comments \u00abSicherheit hat f\u00fcr uns immer oberste Priorit\u00e4t\u00bb \u2014 Head of Racing Dennis Schiergen \u00fcber Tierwohl beim White Turf Der White Turf auf dem gefrorenen St. &#8230; Read More \u2192 Menschen REN\u00c9 PIECHULEK 11.02.2026 No Comments \u00abDer White Turf ist weit [&hellip;]<\/p>\n","protected":false},"author":4,"featured_media":0,"parent":0,"menu_order":0,"comment_status":"closed","ping_status":"closed","template":"","meta":{"footnotes":""},"class_list":["post-1443","page","type-page","status-publish","hentry"],"yoast_head":"<!-- This site is optimized with the Yoast SEO plugin v28.3 - https:\/\/yoast.com\/product\/yoast-seo-wordpress\/ -->\n<title>Stories - White Turf St. Moritz<\/title>\n<meta name=\"robots\" content=\"index, follow, max-snippet:-1, max-image-preview:large, max-video-preview:-1\" \/>\n<link rel=\"canonical\" href=\"https:\/\/www.whiteturf.ch\/en\/stories\/\" \/>\n<meta property=\"og:locale\" content=\"en_GB\" \/>\n<meta property=\"og:type\" content=\"article\" \/>\n<meta property=\"og:title\" content=\"Stories - White Turf St. Moritz\" \/>\n<meta property=\"og:description\" content=\"Stories All Family Days Geschichte Menschen Sicherheit Sicherheit Tierwohl beim White Turf 21.08.2026 No Comments \u00abSicherheit hat f\u00fcr uns immer oberste Priorit\u00e4t\u00bb \u2014 Head of Racing Dennis Schiergen \u00fcber Tierwohl beim White Turf Der White Turf auf dem gefrorenen St. &#8230; Read More \u2192 Menschen REN\u00c9 PIECHULEK 11.02.2026 No Comments \u00abDer White Turf ist weit [&hellip;]\" \/>\n<meta property=\"og:url\" content=\"https:\/\/www.whiteturf.ch\/en\/stories\/\" \/>\n<meta property=\"og:site_name\" content=\"White Turf St. Moritz\" \/>\n<meta property=\"article:modified_time\" content=\"2026-08-21T13:12:02+00:00\" \/>\n<meta property=\"og:image\" content=\"https:\/\/www.whiteturf.ch\/wp-content\/uploads\/2026\/02\/whiteturf_22-02-2026_AndreaFurger-92.jpg\" \/>\n\t<meta property=\"og:image:width\" content=\"1920\" \/>\n\t<meta property=\"og:image:height\" content=\"1280\" \/>\n\t<meta property=\"og:image:type\" content=\"image\/jpeg\" \/>\n<meta name=\"twitter:card\" content=\"summary_large_image\" \/>\n<meta name=\"twitter:label1\" content=\"Estimated reading time\" \/>\n\t<meta name=\"twitter:data1\" content=\"17 minutes\" \/>\n<script type=\"application\/ld+json\" class=\"yoast-schema-graph\">{\"@context\":\"https:\\\/\\\/schema.org\",\"@graph\":[{\"@type\":\"WebPage\",\"@id\":\"https:\\\/\\\/www.whiteturf.ch\\\/stories\\\/\",\"url\":\"https:\\\/\\\/www.whiteturf.ch\\\/stories\\\/\",\"name\":\"Stories - White Turf St. Moritz\",\"isPartOf\":{\"@id\":\"https:\\\/\\\/www.whiteturf.ch\\\/#website\"},\"primaryImageOfPage\":{\"@id\":\"https:\\\/\\\/www.whiteturf.ch\\\/stories\\\/#primaryimage\"},\"image\":{\"@id\":\"https:\\\/\\\/www.whiteturf.ch\\\/stories\\\/#primaryimage\"},\"thumbnailUrl\":\"https:\\\/\\\/www.whiteturf.ch\\\/wp-content\\\/uploads\\\/2026\\\/02\\\/whiteturf_22-02-2026_AndreaFurger-92.jpg\",\"datePublished\":\"2022-04-14T09:46:22+00:00\",\"dateModified\":\"2026-08-21T13:12:02+00:00\",\"breadcrumb\":{\"@id\":\"https:\\\/\\\/www.whiteturf.ch\\\/stories\\\/#breadcrumb\"},\"inLanguage\":\"en-GB\",\"potentialAction\":[{\"@type\":\"ReadAction\",\"target\":[\"https:\\\/\\\/www.whiteturf.ch\\\/stories\\\/\"]}]},{\"@type\":\"ImageObject\",\"inLanguage\":\"en-GB\",\"@id\":\"https:\\\/\\\/www.whiteturf.ch\\\/stories\\\/#primaryimage\",\"url\":\"https:\\\/\\\/www.whiteturf.ch\\\/wp-content\\\/uploads\\\/2026\\\/02\\\/whiteturf_22-02-2026_AndreaFurger-92.jpg\",\"contentUrl\":\"https:\\\/\\\/www.whiteturf.ch\\\/wp-content\\\/uploads\\\/2026\\\/02\\\/whiteturf_22-02-2026_AndreaFurger-92.jpg\"},{\"@type\":\"BreadcrumbList\",\"@id\":\"https:\\\/\\\/www.whiteturf.ch\\\/stories\\\/#breadcrumb\",\"itemListElement\":[{\"@type\":\"ListItem\",\"position\":1,\"name\":\"Startseite\",\"item\":\"https:\\\/\\\/www.whiteturf.ch\\\/\"},{\"@type\":\"ListItem\",\"position\":2,\"name\":\"Stories\"}]},{\"@type\":\"WebSite\",\"@id\":\"https:\\\/\\\/www.whiteturf.ch\\\/#website\",\"url\":\"https:\\\/\\\/www.whiteturf.ch\\\/\",\"name\":\"White Turf St. Moritz\",\"description\":\"International Horse Races Since 1907\",\"publisher\":{\"@id\":\"https:\\\/\\\/www.whiteturf.ch\\\/#organization\"},\"potentialAction\":[{\"@type\":\"SearchAction\",\"target\":{\"@type\":\"EntryPoint\",\"urlTemplate\":\"https:\\\/\\\/www.whiteturf.ch\\\/?s={search_term_string}\"},\"query-input\":{\"@type\":\"PropertyValueSpecification\",\"valueRequired\":true,\"valueName\":\"search_term_string\"}}],\"inLanguage\":\"en-GB\"},{\"@type\":\"Organization\",\"@id\":\"https:\\\/\\\/www.whiteturf.ch\\\/#organization\",\"name\":\"White Turf St. Moritz\",\"url\":\"https:\\\/\\\/www.whiteturf.ch\\\/\",\"logo\":{\"@type\":\"ImageObject\",\"inLanguage\":\"en-GB\",\"@id\":\"https:\\\/\\\/www.whiteturf.ch\\\/#\\\/schema\\\/logo\\\/image\\\/\",\"url\":\"https:\\\/\\\/www.whiteturf.ch\\\/wp-content\\\/uploads\\\/2022\\\/04\\\/wt_logo_stm_rgb_pos-1.svg\",\"contentUrl\":\"https:\\\/\\\/www.whiteturf.ch\\\/wp-content\\\/uploads\\\/2022\\\/04\\\/wt_logo_stm_rgb_pos-1.svg\",\"width\":566,\"height\":111,\"caption\":\"White Turf St. Moritz\"},\"image\":{\"@id\":\"https:\\\/\\\/www.whiteturf.ch\\\/#\\\/schema\\\/logo\\\/image\\\/\"}}]}<\/script>\n<!-- \/ Yoast SEO plugin. -->","yoast_head_json":{"title":"Stories - White Turf St. Moritz","robots":{"index":"index","follow":"follow","max-snippet":"max-snippet:-1","max-image-preview":"max-image-preview:large","max-video-preview":"max-video-preview:-1"},"canonical":"https:\/\/www.whiteturf.ch\/en\/stories\/","og_locale":"en_GB","og_type":"article","og_title":"Stories - White Turf St. Moritz","og_description":"Stories All Family Days Geschichte Menschen Sicherheit Sicherheit Tierwohl beim White Turf 21.08.2026 No Comments \u00abSicherheit hat f\u00fcr uns immer oberste Priorit\u00e4t\u00bb \u2014 Head of Racing Dennis Schiergen \u00fcber Tierwohl beim White Turf Der White Turf auf dem gefrorenen St. &#8230; Read More \u2192 Menschen REN\u00c9 PIECHULEK 11.02.2026 No Comments \u00abDer White Turf ist weit [&hellip;]","og_url":"https:\/\/www.whiteturf.ch\/en\/stories\/","og_site_name":"White Turf St. Moritz","article_modified_time":"2026-08-21T13:12:02+00:00","og_image":[{"width":1920,"height":1280,"url":"https:\/\/www.whiteturf.ch\/wp-content\/uploads\/2026\/02\/whiteturf_22-02-2026_AndreaFurger-92.jpg","type":"image\/jpeg"}],"twitter_card":"summary_large_image","twitter_misc":{"Estimated reading time":"17 minutes"},"schema":{"@context":"https:\/\/schema.org","@graph":[{"@type":"WebPage","@id":"https:\/\/www.whiteturf.ch\/stories\/","url":"https:\/\/www.whiteturf.ch\/stories\/","name":"Stories - White Turf St. Moritz","isPartOf":{"@id":"https:\/\/www.whiteturf.ch\/#website"},"primaryImageOfPage":{"@id":"https:\/\/www.whiteturf.ch\/stories\/#primaryimage"},"image":{"@id":"https:\/\/www.whiteturf.ch\/stories\/#primaryimage"},"thumbnailUrl":"https:\/\/www.whiteturf.ch\/wp-content\/uploads\/2026\/02\/whiteturf_22-02-2026_AndreaFurger-92.jpg","datePublished":"2022-04-14T09:46:22+00:00","dateModified":"2026-08-21T13:12:02+00:00","breadcrumb":{"@id":"https:\/\/www.whiteturf.ch\/stories\/#breadcrumb"},"inLanguage":"en-GB","potentialAction":[{"@type":"ReadAction","target":["https:\/\/www.whiteturf.ch\/stories\/"]}]},{"@type":"ImageObject","inLanguage":"en-GB","@id":"https:\/\/www.whiteturf.ch\/stories\/#primaryimage","url":"https:\/\/www.whiteturf.ch\/wp-content\/uploads\/2026\/02\/whiteturf_22-02-2026_AndreaFurger-92.jpg","contentUrl":"https:\/\/www.whiteturf.ch\/wp-content\/uploads\/2026\/02\/whiteturf_22-02-2026_AndreaFurger-92.jpg"},{"@type":"BreadcrumbList","@id":"https:\/\/www.whiteturf.ch\/stories\/#breadcrumb","itemListElement":[{"@type":"ListItem","position":1,"name":"Startseite","item":"https:\/\/www.whiteturf.ch\/"},{"@type":"ListItem","position":2,"name":"Stories"}]},{"@type":"WebSite","@id":"https:\/\/www.whiteturf.ch\/#website","url":"https:\/\/www.whiteturf.ch\/","name":"White Turf St. Moritz","description":"International Horse Races Since 1907","publisher":{"@id":"https:\/\/www.whiteturf.ch\/#organization"},"potentialAction":[{"@type":"SearchAction","target":{"@type":"EntryPoint","urlTemplate":"https:\/\/www.whiteturf.ch\/?s={search_term_string}"},"query-input":{"@type":"PropertyValueSpecification","valueRequired":true,"valueName":"search_term_string"}}],"inLanguage":"en-GB"},{"@type":"Organization","@id":"https:\/\/www.whiteturf.ch\/#organization","name":"White Turf St. Moritz","url":"https:\/\/www.whiteturf.ch\/","logo":{"@type":"ImageObject","inLanguage":"en-GB","@id":"https:\/\/www.whiteturf.ch\/#\/schema\/logo\/image\/","url":"https:\/\/www.whiteturf.ch\/wp-content\/uploads\/2022\/04\/wt_logo_stm_rgb_pos-1.svg","contentUrl":"https:\/\/www.whiteturf.ch\/wp-content\/uploads\/2022\/04\/wt_logo_stm_rgb_pos-1.svg","width":566,"height":111,"caption":"White Turf St. Moritz"},"image":{"@id":"https:\/\/www.whiteturf.ch\/#\/schema\/logo\/image\/"}}]}},"_links":{"self":[{"href":"https:\/\/www.whiteturf.ch\/en\/wp-json\/wp\/v2\/pages\/1443","targetHints":{"allow":["GET"]}}],"collection":[{"href":"https:\/\/www.whiteturf.ch\/en\/wp-json\/wp\/v2\/pages"}],"about":[{"href":"https:\/\/www.whiteturf.ch\/en\/wp-json\/wp\/v2\/types\/page"}],"author":[{"embeddable":true,"href":"https:\/\/www.whiteturf.ch\/en\/wp-json\/wp\/v2\/users\/4"}],"replies":[{"embeddable":true,"href":"https:\/\/www.whiteturf.ch\/en\/wp-json\/wp\/v2\/comments?post=1443"}],"version-history":[{"count":18,"href":"https:\/\/www.whiteturf.ch\/en\/wp-json\/wp\/v2\/pages\/1443\/revisions"}],"predecessor-version":[{"id":9339,"href":"https:\/\/www.whiteturf.ch\/en\/wp-json\/wp\/v2\/pages\/1443\/revisions\/9339"}],"wp:attachment":[{"href":"https:\/\/www.whiteturf.ch\/en\/wp-json\/wp\/v2\/media?parent=1443"}],"curies":[{"name":"wp","href":"https:\/\/api.w.org\/{rel}","templated":true}]}}